{"id":3,"date":"2024-01-10T11:57:02","date_gmt":"2024-01-10T11:57:02","guid":{"rendered":"https:\/\/www.samaniegoadministraciones.com\/?page_id=3"},"modified":"2024-01-15T16:44:01","modified_gmt":"2024-01-15T16:44:01","slug":"politica-privacidad","status":"publish","type":"page","link":"https:\/\/www.samaniegoadministraciones.com\/en\/politica-privacidad\/","title":{"rendered":"Pol\u00edtica de privacidad"},"content":{"rendered":"<p>[et_pb_section fb_built=\u00bb1&#8243; admin_label=\u00bbsection\u00bb _builder_version=\u00bb4.23.4&#8243; background_color=\u00bbrgba(55,67,79,0.11)\u00bb custom_padding=\u00bb44px||19px|||\u00bb animation_style=\u00bbfade\u00bb locked=\u00bboff\u00bb collapsed=\u00bboff\u00bb global_colors_info=\u00bb{}\u00bb][et_pb_row admin_label=\u00bbrow\u00bb _builder_version=\u00bb4.23.4&#8243; background_size=\u00bbinitial\u00bb background_position=\u00bbtop_left\u00bb background_repeat=\u00bbrepeat\u00bb custom_margin=\u00bb-14px|auto||auto||\u00bb custom_padding=\u00bb16px|||||\u00bb global_colors_info=\u00bb{}\u00bb][et_pb_column type=\u00bb4_4&#8243; _builder_version=\u00bb4.16&#8243; custom_padding=\u00bb|||\u00bb global_colors_info=\u00bb{}\u00bb custom_padding__hover=\u00bb|||\u00bb][et_pb_text _builder_version=\u00bb4.23.4&#8243; _module_preset=\u00bbdefault\u00bb text_text_color=\u00bb#37434F\u00bb link_text_color=\u00bb#F1D02B\u00bb header_font_size=\u00bb51px\u00bb global_colors_info=\u00bb{}\u00bb]<\/p>\n<h1>Pol\u00edtica de Privacidad<\/h1>\n<p><a title=\"Inicio\" href=\"https:\/\/www.samaniegoadministraciones.com\/\">Inicio<\/a> | Pol\u00edtica de Privacidad<\/p>\n<p>[\/et_pb_text][\/et_pb_column][\/et_pb_row][\/et_pb_section][et_pb_section fb_built=\u00bb1&#8243; _builder_version=\u00bb4.16&#8243; collapsed=\u00bboff\u00bb global_colors_info=\u00bb{}\u00bb][et_pb_row _builder_version=\u00bb4.16&#8243; background_size=\u00bbinitial\u00bb background_position=\u00bbtop_left\u00bb background_repeat=\u00bbrepeat\u00bb custom_margin=\u00bb-21px|auto||auto||\u00bb global_colors_info=\u00bb{}\u00bb][et_pb_column type=\u00bb4_4&#8243; _builder_version=\u00bb4.16&#8243; custom_padding=\u00bb|||\u00bb global_colors_info=\u00bb{}\u00bb custom_padding__hover=\u00bb|||\u00bb][et_pb_text _builder_version=\u00bb4.23.4&#8243; background_size=\u00bbinitial\u00bb background_position=\u00bbtop_left\u00bb background_repeat=\u00bbrepeat\u00bb global_colors_info=\u00bb{}\u00bb]<\/p>\n<h2>1. DATOS DEL RESPONSABLE DEL TRATAMIENTO<\/h2>\n<h4>\u00a0<\/h4>\n<p>Raz\u00f3n Social:<span>\u00a0<\/span><strong>SAMANIEGO ADMINISTRACIONES, S.L.<\/strong><span>\u00a0<\/span>(en adelante, la \u201cEmpresa\u201d o el \u201cResponsable\u201d).<br \/>CIF:<span>\u00a0<\/span><strong>B38748570<\/strong><br \/>Domicilio:<strong><\/strong><br \/>Tel\u00e9fono:<span>\u00a0<\/span><strong>922242734<\/strong><br \/>Email para comunicaciones en materia de Protecci\u00f3n de datos:<span>\u00a0<\/span><strong>administrador@samaniegoadministraciones.com<\/strong><\/p>\n<p>1.1. Normativa aplicable.<\/p>\n<p>Nuestra Pol\u00edtica de Privacidad se ha dise\u00f1ado de acuerdo con el Reglamento General de Protecci\u00f3n de Datos de la UE 2016\/679 del Parlamento Europeo y del Consejo, de 27 de abril de 2016, relativo a la protecci\u00f3n de las personas f\u00edsicas en lo que respecta al tratamiento de datos personales y a la libre circulaci\u00f3n de estos datos y por el que se deroga la Directiva 95\/46\/CE (Reglamento general de protecci\u00f3n de datos), y en lo que no contradiga el mencionado Reglamento, por lo dispuesto en el marco legislativo espa\u00f1ol en materia de Protecci\u00f3n de Datos de Car\u00e1cter Personal. Al facilitarnos sus datos, Usted declara haber le\u00eddo y conocer la presente Pol\u00edtica de Privacidad, prestando su consentimiento inequ\u00edvoco y expreso al tratamiento de sus datos personales de acuerdo a las finalidades y t\u00e9rminos aqu\u00ed expresados. La Empresa podr\u00e1 modificar la presente Pol\u00edtica de Privacidad para adaptarla a las novedades legislativas, jurisprudenciales o de interpretaci\u00f3n de la Agencia Espa\u00f1ola de Protecci\u00f3n de Datos. Estas condiciones de privacidad podr\u00e1n ser complementadas por el Aviso Legal, Pol\u00edtica de Cookies y las Condiciones Generales que, en su caso, se recojan para determinados productos o servicios, si dicho acceso supone alguna especialidad en materia de protecci\u00f3n de datos de car\u00e1cter personal.\u00a0<\/p>\n<p class=\"details\">1.2. Delegado de Protecci\u00f3n de Datos La empresa no tiene Delegado de Protecci\u00f3n de Datos.<\/p>\n<p class=\"details\">\n<p class=\"details\">\n<h2>2. FINALIDAD DEL TRATAMIENTO DE LOS DATOS PERSONALES<\/h2>\n<p class=\"details\">El tratamiento que realizamos de sus datos personales responde a las siguientes finalidades:<br \/>&#8211; Proporcionarle informaci\u00f3n relacionada con los productos y servicios que ofrece nuestra empresa y que detallan en este web site.<br \/>&#8211; Realizar la contrataci\u00f3n de nuestros servicios mediante la aceptaci\u00f3n del correspondiente presupuesto \/ pedido y\/o la firma de un contrato mercantil.<br \/>&#8211; Enviarle por correo electr\u00f3nico y\/o postal las noticias y novedades acerca de nuestra entidad, as\u00ed como las actualizaciones de nuestro cat\u00e1logo de productos y servicios.<\/p>\n<p class=\"details\">2.1. Plazo de Conservaci\u00f3n de sus datos Conservaremos sus datos personales desde que nos d\u00e9 su consentimiento hasta que lo revoque o bien solicite la limitaci\u00f3n del tratamiento. En tales casos, mantendremos sus datos de manera bloqueada durante los plazos legalmente exigidos.<\/p>\n<p class=\"details\">\n<p class=\"details\">\n<h2>3. LEGITIMACI\u00d3N Y DATOS RECABADOS<\/h2>\n<p>\u00a0La legitimaci\u00f3n para el tratamiento de sus datos es el consentimiento expreso otorgado mediante un acto positivo y afirmativo (rellenar el formulario correspondiente y marcar la casilla de aceptaci\u00f3n de esta pol\u00edtica) en el momento de facilitarnos sus datos personales.<\/p>\n<p>\u00a03.1. Consentimiento para tratar sus datos Al rellenar los formularios, marcar la casilla \u201cAcepto la Pol\u00edtica de Privacidad\u201d y hacer clic para enviar los datos, o al remitir correos electr\u00f3nicos a la Empresa a trav\u00e9s de las cuentas habilitadas al efecto, el Usuario manifiesta haber le\u00eddo y aceptado expresamente la presente pol\u00edtica de privacidad, y otorga su consentimiento inequ\u00edvoco y expreso al tratamiento de sus datos personales conforme a las finalidades indicadas.\u00a0<\/p>\n<p>3.2. Categor\u00edas de datos Los datos que se recaban se refieren a la categor\u00eda de datos identificativos, como pueden ser: Nombre y Apellidos, Tel\u00e9fono, Direcci\u00f3n Postal, Empresa, Correo electr\u00f3nico, as\u00ed como la direcci\u00f3n IP desde donde accede al formulario de recogida de datos.<\/p>\n<p>&nbsp;<\/p>\n<h2>4. MEDIDAS DE SEGURIDAD<\/h2>\n<p>\u00a0Dentro de nuestro compromiso por garantizar la seguridad y confidencialidad de sus datos de car\u00e1cter personal, le informamos que se han adoptado las medidas de \u00edndole t\u00e9cnica y organizativas necesarias para garantizar la seguridad de los datos de car\u00e1cter personal y evitar su alteraci\u00f3n, p\u00e9rdida, tratamiento o acceso no autorizado, habida cuenta del estado de la tecnolog\u00eda, la naturaleza de los datos almacenados y los riesgos a que est\u00e9n expuestos, seg\u00fan el Art. 32 del RGPD EU 679\/2016.<\/p>\n<p>&nbsp;<\/p>\n<h2>5. CESI\u00d3N DE DATOS<\/h2>\n<p>\u00a0No se prev\u00e9n cesiones de datos ni transferencias internacionales de sus datos, a excepci\u00f3n de las autorizadas por la legislaci\u00f3n fiscal, mercantil y de telecomunicaciones as\u00ed como en aquellos casos en los que una autoridad judicial nos lo requiera.<\/p>\n<p>&nbsp;<\/p>\n<h2>6. DERECHOS DEL USUARIO<\/h2>\n<p>\u00a0Cualquier interesado tiene derecho a obtener confirmaci\u00f3n sobre si estamos tratando datos personales que le conciernan, o no. Las personas interesadas tienen derecho a acceder a sus datos personales, as\u00ed como a solicitar la rectificaci\u00f3n de los datos inexactos o, en su caso, solicitar su supresi\u00f3n cuando, entre otros motivos, los datos ya no sean necesarios para los fines que fueron recogidos. En determinadas circunstancias, los interesados podr\u00e1n solicitar la limitaci\u00f3n del tratamiento de sus datos, en cuyo caso \u00fanicamente los conservaremos para el ejercicio o la defensa de reclamaciones. Por motivos relacionados con su situaci\u00f3n particular, los interesados podr\u00e1n oponerse oponerse al tratamiento de sus datos. El Responsable del fichero dejar\u00e1 de tratar los datos, salvo por motivos leg\u00edtimos imperiosos, o el ejercicio o la defensa de posibles reclamaciones. De acuerdo con la legislaci\u00f3n vigente tiene los siguientes derechos: derecho a solicitar el acceso a sus datos personales, derecho a solicitar su rectificaci\u00f3n o supresi\u00f3n, derecho a solicitar la limitaci\u00f3n de su tratamiento, derecho a oponerse al tratamiento, derecho a la portabilidad de los datos y as\u00ed mismo, a revocar el consentimiento otorgado.<\/p>\n<p>&nbsp;<\/p>\n<p>6.1. \u00bfC\u00f3mo ejercitar mis derechos? Para ejercer sus derechos, debe dirigirse al responsable, solicitando el correspondiente formulario para el ejercicio del derecho elegido. Opcionalmente, puede acudir a la Autoridad de Control competente para obtener informaci\u00f3n adicional acerca de sus derechos. Los dtos de contacto para el ejercicio de sus derechos son el tel\u00e9fono 922242734 y el correo electr\u00f3nico: administrador@samaniegoadministraciones.com . Recuerde acompa\u00f1ar una copia de un documento que nos permita identificarle.<\/p>\n<p>&nbsp;<\/p>\n<h2>7. CONSENTIMIENTO PARA ENV\u00cdO DE COMUNICACIONES ELECTR\u00d3NICAS<\/h2>\n<p>\u00a0As\u00ed mismo, y de acuerdo con lo establecido en la Ley 34\/2002, de 11 de julio, de Servicios de la Sociedad de la Informaci\u00f3n y del Comercio Electr\u00f3nico, completando el formulario de recogida de datos y marcando la correspondiente casilla \u201cAcepto el env\u00edo de comunicaciones electr\u00f3nicas\u201d, esta otorgando el consentimiento expreso para enviarle a su direcci\u00f3n de correo electr\u00f3nico, tel\u00e9fono, fax u otro medio electr\u00f3nico en env\u00edo de informaci\u00f3n acerca de la Empresa<\/p>\n<p>[\/et_pb_text][\/et_pb_column][\/et_pb_row][\/et_pb_section]<\/p>\n","protected":false},"excerpt":{"rendered":"<p>Pol\u00edtica de Privacidad Inicio | Pol\u00edtica de Privacidad1. DATOS DEL RESPONSABLE DEL TRATAMIENTO \u00a0 Raz\u00f3n Social:\u00a0SAMANIEGO ADMINISTRACIONES, S.L.\u00a0(en adelante, la \u201cEmpresa\u201d o el \u201cResponsable\u201d).CIF:\u00a0B38748570Domicilio:Tel\u00e9fono:\u00a0922242734Email para comunicaciones en materia de Protecci\u00f3n de datos:\u00a0administrador@samaniegoadministraciones.com 1.1. Normativa aplicable. Nuestra Pol\u00edtica de Privacidad se ha dise\u00f1ado de acuerdo con el Reglamento General de Protecci\u00f3n de Datos de la UE [&hellip;]<\/p>\n","protected":false},"author":1,"featured_media":0,"parent":0,"menu_order":0,"comment_status":"closed","ping_status":"open","template":"","meta":{"_et_pb_use_builder":"on","_et_pb_old_content":"<!-- wp:heading -->\r\n<h2>Qui\u00e9nes somos<\/h2>\r\n<!-- \/wp:heading --><!-- wp:paragraph -->\r\n<p><strong class=\"privacy-policy-tutorial\">Texto sugerido: <\/strong>La direcci\u00f3n de nuestra web es: https:\/\/www.samaniegoadministraciones.com.<\/p>\r\n<!-- \/wp:paragraph --><!-- wp:heading -->\r\n<h2>Comentarios<\/h2>\r\n<!-- \/wp:heading --><!-- wp:paragraph -->\r\n<p><strong class=\"privacy-policy-tutorial\">Texto sugerido: <\/strong>Cuando los visitantes dejan comentarios en la web, recopilamos los datos que se muestran en el formulario de comentarios, as\u00ed como la direcci\u00f3n IP del visitante y la cadena de agentes de usuario del navegador para ayudar a la detecci\u00f3n de spam.<\/p>\r\n<!-- \/wp:paragraph --><!-- wp:paragraph -->\r\n<p>Una cadena an\u00f3nima creada a partir de tu direcci\u00f3n de correo electr\u00f3nico (tambi\u00e9n llamada hash) puede ser proporcionada al servicio de Gravatar para ver si la est\u00e1s usando. La pol\u00edtica de privacidad del servicio Gravatar est\u00e1 disponible aqu\u00ed: https:\/\/automattic.com\/privacy\/. Despu\u00e9s de la aprobaci\u00f3n de tu comentario, la imagen de tu perfil es visible para el p\u00fablico en el contexto de tu comentario.<\/p>\r\n<!-- \/wp:paragraph --><!-- wp:heading -->\r\n<h2>Medios<\/h2>\r\n<!-- \/wp:heading --><!-- wp:paragraph -->\r\n<p><strong class=\"privacy-policy-tutorial\">Texto sugerido: <\/strong>Si subes im\u00e1genes a la web, deber\u00edas evitar subir im\u00e1genes con datos de ubicaci\u00f3n (GPS EXIF) incluidos. Los visitantes de la web pueden descargar y extraer cualquier dato de ubicaci\u00f3n de las im\u00e1genes de la web.<\/p>\r\n<!-- \/wp:paragraph --><!-- wp:heading -->\r\n<h2>Cookies<\/h2>\r\n<!-- \/wp:heading --><!-- wp:paragraph -->\r\n<p><strong class=\"privacy-policy-tutorial\">Texto sugerido: <\/strong>Si dejas un comentario en nuestro sitio puedes elegir guardar tu nombre, direcci\u00f3n de correo electr\u00f3nico y web en cookies. Esto es para tu comodidad, para que no tengas que volver a rellenar tus datos cuando dejes otro comentario. Estas cookies tendr\u00e1n una duraci\u00f3n de un a\u00f1o.<\/p>\r\n<!-- \/wp:paragraph --><!-- wp:paragraph -->\r\n<p>Si tienes una cuenta y te conectas a este sitio, instalaremos una cookie temporal para determinar si tu navegador acepta cookies. Esta cookie no contiene datos personales y se elimina al cerrar el navegador.<\/p>\r\n<!-- \/wp:paragraph --><!-- wp:paragraph -->\r\n<p>Cuando accedas, tambi\u00e9n instalaremos varias cookies para guardar tu informaci\u00f3n de acceso y tus opciones de visualizaci\u00f3n de pantalla. Las cookies de acceso duran dos d\u00edas, y las cookies de opciones de pantalla duran un a\u00f1o. Si seleccionas \u00abRecu\u00e9rdarme\u00bb, tu acceso perdurar\u00e1 durante dos semanas. Si sales de tu cuenta, las cookies de acceso se eliminar\u00e1n.<\/p>\r\n<!-- \/wp:paragraph --><!-- wp:paragraph -->\r\n<p>Si editas o publicas un art\u00edculo se guardar\u00e1 una cookie adicional en tu navegador. Esta cookie no incluye datos personales y simplemente indica el ID del art\u00edculo que acabas de editar. Caduca despu\u00e9s de 1 d\u00eda.<\/p>\r\n<!-- \/wp:paragraph --><!-- wp:heading -->\r\n<h2>Contenido incrustado de otros sitios web<\/h2>\r\n<!-- \/wp:heading --><!-- wp:paragraph -->\r\n<p><strong class=\"privacy-policy-tutorial\">Texto sugerido: <\/strong>Los art\u00edculos de este sitio pueden incluir contenido incrustado (por ejemplo, v\u00eddeos, im\u00e1genes, art\u00edculos, etc.). El contenido incrustado de otras webs se comporta exactamente de la misma manera que si el visitante hubiera visitado la otra web.<\/p>\r\n<!-- \/wp:paragraph --><!-- wp:paragraph -->\r\n<p>Estas web pueden recopilar datos sobre ti, utilizar cookies, incrustar un seguimiento adicional de terceros, y supervisar tu interacci\u00f3n con ese contenido incrustado, incluido el seguimiento de tu interacci\u00f3n con el contenido incrustado si tienes una cuenta y est\u00e1s conectado a esa web.<\/p>\r\n<!-- \/wp:paragraph --><!-- wp:heading -->\r\n<h2>Con qui\u00e9n compartimos tus datos<\/h2>\r\n<!-- \/wp:heading --><!-- wp:paragraph -->\r\n<p><strong class=\"privacy-policy-tutorial\">Texto sugerido: <\/strong>Si solicitas un restablecimiento de contrase\u00f1a, tu direcci\u00f3n IP ser\u00e1 incluida en el correo electr\u00f3nico de restablecimiento.<\/p>\r\n<!-- \/wp:paragraph --><!-- wp:heading -->\r\n<h2>Cu\u00e1nto tiempo conservamos tus datos<\/h2>\r\n<!-- \/wp:heading --><!-- wp:paragraph -->\r\n<p><strong class=\"privacy-policy-tutorial\">Texto sugerido: <\/strong>Si dejas un comentario, el comentario y sus metadatos se conservan indefinidamente. Esto es para que podamos reconocer y aprobar comentarios sucesivos autom\u00e1ticamente, en lugar de mantenerlos en una cola de moderaci\u00f3n.<\/p>\r\n<!-- \/wp:paragraph --><!-- wp:paragraph -->\r\n<p>De los usuarios que se registran en nuestra web (si los hay), tambi\u00e9n almacenamos la informaci\u00f3n personal que proporcionan en su perfil de usuario. Todos los usuarios pueden ver, editar o eliminar su informaci\u00f3n personal en cualquier momento (excepto que no pueden cambiar su nombre de usuario). Los administradores de la web tambi\u00e9n pueden ver y editar esa informaci\u00f3n.<\/p>\r\n<!-- \/wp:paragraph --><!-- wp:heading -->\r\n<h2>Qu\u00e9 derechos tienes sobre tus datos<\/h2>\r\n<!-- \/wp:heading --><!-- wp:paragraph -->\r\n<p><strong class=\"privacy-policy-tutorial\">Texto sugerido: <\/strong>Si tienes una cuenta o has dejado comentarios en esta web, puedes solicitar recibir un archivo de exportaci\u00f3n de los datos personales que tenemos sobre ti, incluyendo cualquier dato que nos hayas proporcionado. Tambi\u00e9n puedes solicitar que eliminemos cualquier dato personal que tengamos sobre ti. Esto no incluye ning\u00fan dato que estemos obligados a conservar con fines administrativos, legales o de seguridad.<\/p>\r\n<!-- \/wp:paragraph --><!-- wp:heading -->\r\n<h2>D\u00f3nde se env\u00edan tus datos<\/h2>\r\n<!-- \/wp:heading --><!-- wp:paragraph -->\r\n<p><strong class=\"privacy-policy-tutorial\">Texto sugerido: <\/strong>Los comentarios de los visitantes puede que los revise un servicio de detecci\u00f3n autom\u00e1tica de spam.<\/p>\r\n<!-- \/wp:paragraph -->","_et_gb_content_width":"","footnotes":""},"class_list":["post-3","page","type-page","status-publish","hentry"],"yoast_head":"<!-- This site is optimized with the Yoast SEO plugin v27.3 - https:\/\/yoast.com\/product\/yoast-seo-wordpress\/ -->\n<title>Pol\u00edtica de privacidad - Samaniego Administradores de Fincas<\/title>\n<meta name=\"description\" content=\"Pol\u00edtica de Privacidad SAMANIEGO ADMINISTRACIONES\" \/>\n<meta name=\"robots\" content=\"index, follow, max-snippet:-1, max-image-preview:large, max-video-preview:-1\" \/>\n<link rel=\"canonical\" href=\"https:\/\/www.samaniegoadministraciones.com\/en\/politica-privacidad\/\" \/>\n<meta property=\"og:locale\" content=\"en_GB\" \/>\n<meta property=\"og:type\" content=\"article\" \/>\n<meta property=\"og:title\" content=\"Pol\u00edtica de privacidad - Samaniego Administradores de Fincas\" \/>\n<meta property=\"og:description\" content=\"Pol\u00edtica de Privacidad SAMANIEGO ADMINISTRACIONES\" \/>\n<meta property=\"og:url\" content=\"https:\/\/www.samaniegoadministraciones.com\/en\/politica-privacidad\/\" \/>\n<meta property=\"og:site_name\" content=\"Samaniego Administradores de Fincas\" \/>\n<meta property=\"article:publisher\" content=\"https:\/\/www.facebook.com\/samaniegoadministraciones\/\" \/>\n<meta property=\"article:modified_time\" content=\"2024-01-15T16:44:01+00:00\" \/>\n<meta name=\"twitter:card\" content=\"summary_large_image\" \/>\n<meta name=\"twitter:site\" content=\"@samaniego153178\" \/>\n<meta name=\"twitter:label1\" content=\"Estimated reading time\" \/>\n\t<meta name=\"twitter:data1\" content=\"5 minutes\" \/>\n<script type=\"application\/ld+json\" class=\"yoast-schema-graph\">{\"@context\":\"https:\\\/\\\/schema.org\",\"@graph\":[{\"@type\":\"WebPage\",\"@id\":\"https:\\\/\\\/www.samaniegoadministraciones.com\\\/politica-privacidad\\\/\",\"url\":\"https:\\\/\\\/www.samaniegoadministraciones.com\\\/politica-privacidad\\\/\",\"name\":\"Pol\u00edtica de privacidad - Samaniego Administradores de Fincas\",\"isPartOf\":{\"@id\":\"https:\\\/\\\/www.samaniegoadministraciones.com\\\/#website\"},\"datePublished\":\"2024-01-10T11:57:02+00:00\",\"dateModified\":\"2024-01-15T16:44:01+00:00\",\"description\":\"Pol\u00edtica de Privacidad SAMANIEGO ADMINISTRACIONES\",\"inLanguage\":\"en-GB\",\"potentialAction\":[{\"@type\":\"ReadAction\",\"target\":[\"https:\\\/\\\/www.samaniegoadministraciones.com\\\/politica-privacidad\\\/\"]}]},{\"@type\":\"WebSite\",\"@id\":\"https:\\\/\\\/www.samaniegoadministraciones.com\\\/#website\",\"url\":\"https:\\\/\\\/www.samaniegoadministraciones.com\\\/\",\"name\":\"Samaniego, Adminitradores de Fincas\",\"description\":\"Samaniego Administradores\",\"publisher\":{\"@id\":\"https:\\\/\\\/www.samaniegoadministraciones.com\\\/#organization\"},\"alternateName\":\"Samaniego Administraciones\",\"potentialAction\":[{\"@type\":\"SearchAction\",\"target\":{\"@type\":\"EntryPoint\",\"urlTemplate\":\"https:\\\/\\\/www.samaniegoadministraciones.com\\\/?s={search_term_string}\"},\"query-input\":{\"@type\":\"PropertyValueSpecification\",\"valueRequired\":true,\"valueName\":\"search_term_string\"}}],\"inLanguage\":\"en-GB\"},{\"@type\":\"Organization\",\"@id\":\"https:\\\/\\\/www.samaniegoadministraciones.com\\\/#organization\",\"name\":\"Samaniego, Adminitradores de Fincas\",\"alternateName\":\"Samaniego Administraciones\",\"url\":\"https:\\\/\\\/www.samaniegoadministraciones.com\\\/\",\"logo\":{\"@type\":\"ImageObject\",\"inLanguage\":\"en-GB\",\"@id\":\"https:\\\/\\\/www.samaniegoadministraciones.com\\\/#\\\/schema\\\/logo\\\/image\\\/\",\"url\":\"https:\\\/\\\/www.samaniegoadministraciones.com\\\/wp-content\\\/uploads\\\/2024\\\/01\\\/samaniego-administradores-azul-jpg.webp\",\"contentUrl\":\"https:\\\/\\\/www.samaniegoadministraciones.com\\\/wp-content\\\/uploads\\\/2024\\\/01\\\/samaniego-administradores-azul-jpg.webp\",\"width\":200,\"height\":200,\"caption\":\"Samaniego, Adminitradores de Fincas\"},\"image\":{\"@id\":\"https:\\\/\\\/www.samaniegoadministraciones.com\\\/#\\\/schema\\\/logo\\\/image\\\/\"},\"sameAs\":[\"https:\\\/\\\/www.facebook.com\\\/samaniegoadministraciones\\\/\",\"https:\\\/\\\/x.com\\\/samaniego153178\",\"https:\\\/\\\/www.linkedin.com\\\/company\\\/samaniego-administraciones-sl?trk=company_logo\",\"https:\\\/\\\/www.instagram.com\\\/samaniego.administradores\\\/\"]}]}<\/script>\n<!-- \/ Yoast SEO plugin. -->","yoast_head_json":{"title":"Pol\u00edtica de privacidad - Samaniego Administradores de Fincas","description":"Pol\u00edtica de Privacidad SAMANIEGO ADMINISTRACIONES","robots":{"index":"index","follow":"follow","max-snippet":"max-snippet:-1","max-image-preview":"max-image-preview:large","max-video-preview":"max-video-preview:-1"},"canonical":"https:\/\/www.samaniegoadministraciones.com\/en\/politica-privacidad\/","og_locale":"en_GB","og_type":"article","og_title":"Pol\u00edtica de privacidad - Samaniego Administradores de Fincas","og_description":"Pol\u00edtica de Privacidad SAMANIEGO ADMINISTRACIONES","og_url":"https:\/\/www.samaniegoadministraciones.com\/en\/politica-privacidad\/","og_site_name":"Samaniego Administradores de Fincas","article_publisher":"https:\/\/www.facebook.com\/samaniegoadministraciones\/","article_modified_time":"2024-01-15T16:44:01+00:00","twitter_card":"summary_large_image","twitter_site":"@samaniego153178","twitter_misc":{"Estimated reading time":"5 minutes"},"schema":{"@context":"https:\/\/schema.org","@graph":[{"@type":"WebPage","@id":"https:\/\/www.samaniegoadministraciones.com\/politica-privacidad\/","url":"https:\/\/www.samaniegoadministraciones.com\/politica-privacidad\/","name":"Pol\u00edtica de privacidad - Samaniego Administradores de Fincas","isPartOf":{"@id":"https:\/\/www.samaniegoadministraciones.com\/#website"},"datePublished":"2024-01-10T11:57:02+00:00","dateModified":"2024-01-15T16:44:01+00:00","description":"Pol\u00edtica de Privacidad SAMANIEGO ADMINISTRACIONES","inLanguage":"en-GB","potentialAction":[{"@type":"ReadAction","target":["https:\/\/www.samaniegoadministraciones.com\/politica-privacidad\/"]}]},{"@type":"WebSite","@id":"https:\/\/www.samaniegoadministraciones.com\/#website","url":"https:\/\/www.samaniegoadministraciones.com\/","name":"Samaniego, Adminitradores de Fincas","description":"Samaniego Administradores","publisher":{"@id":"https:\/\/www.samaniegoadministraciones.com\/#organization"},"alternateName":"Samaniego Administraciones","potentialAction":[{"@type":"SearchAction","target":{"@type":"EntryPoint","urlTemplate":"https:\/\/www.samaniegoadministraciones.com\/?s={search_term_string}"},"query-input":{"@type":"PropertyValueSpecification","valueRequired":true,"valueName":"search_term_string"}}],"inLanguage":"en-GB"},{"@type":"Organization","@id":"https:\/\/www.samaniegoadministraciones.com\/#organization","name":"Samaniego, Adminitradores de Fincas","alternateName":"Samaniego Administraciones","url":"https:\/\/www.samaniegoadministraciones.com\/","logo":{"@type":"ImageObject","inLanguage":"en-GB","@id":"https:\/\/www.samaniegoadministraciones.com\/#\/schema\/logo\/image\/","url":"https:\/\/www.samaniegoadministraciones.com\/wp-content\/uploads\/2024\/01\/samaniego-administradores-azul-jpg.webp","contentUrl":"https:\/\/www.samaniegoadministraciones.com\/wp-content\/uploads\/2024\/01\/samaniego-administradores-azul-jpg.webp","width":200,"height":200,"caption":"Samaniego, Adminitradores de Fincas"},"image":{"@id":"https:\/\/www.samaniegoadministraciones.com\/#\/schema\/logo\/image\/"},"sameAs":["https:\/\/www.facebook.com\/samaniegoadministraciones\/","https:\/\/x.com\/samaniego153178","https:\/\/www.linkedin.com\/company\/samaniego-administraciones-sl?trk=company_logo","https:\/\/www.instagram.com\/samaniego.administradores\/"]}]}},"_links":{"self":[{"href":"https:\/\/www.samaniegoadministraciones.com\/en\/wp-json\/wp\/v2\/pages\/3","targetHints":{"allow":["GET"]}}],"collection":[{"href":"https:\/\/www.samaniegoadministraciones.com\/en\/wp-json\/wp\/v2\/pages"}],"about":[{"href":"https:\/\/www.samaniegoadministraciones.com\/en\/wp-json\/wp\/v2\/types\/page"}],"author":[{"embeddable":true,"href":"https:\/\/www.samaniegoadministraciones.com\/en\/wp-json\/wp\/v2\/users\/1"}],"replies":[{"embeddable":true,"href":"https:\/\/www.samaniegoadministraciones.com\/en\/wp-json\/wp\/v2\/comments?post=3"}],"version-history":[{"count":6,"href":"https:\/\/www.samaniegoadministraciones.com\/en\/wp-json\/wp\/v2\/pages\/3\/revisions"}],"predecessor-version":[{"id":266,"href":"https:\/\/www.samaniegoadministraciones.com\/en\/wp-json\/wp\/v2\/pages\/3\/revisions\/266"}],"wp:attachment":[{"href":"https:\/\/www.samaniegoadministraciones.com\/en\/wp-json\/wp\/v2\/media?parent=3"}],"curies":[{"name":"wp","href":"https:\/\/api.w.org\/{rel}","templated":true}]}}