{"id":26,"date":"2024-01-11T09:22:11","date_gmt":"2024-01-11T09:22:11","guid":{"rendered":"https:\/\/www.samaniegoadministraciones.com\/?page_id=26"},"modified":"2025-12-27T09:45:32","modified_gmt":"2025-12-27T09:45:32","slug":"inicio","status":"publish","type":"page","link":"https:\/\/www.samaniegoadministraciones.com\/en\/","title":{"rendered":"Inicio"},"content":{"rendered":"<p>[et_pb_section fb_built=\u00bb1&#8243; fullwidth=\u00bbon\u00bb _builder_version=\u00bb4.23.4&#8243; _module_preset=\u00bbdefault\u00bb global_colors_info=\u00bb{}\u00bb][et_pb_fullwidth_slider _builder_version=\u00bb4.23.4&#8243; _module_preset=\u00bbdefault\u00bb custom_padding=\u00bb11.6%||11.6%||true|false\u00bb custom_padding_tablet=\u00bb15%||15%||true|false\u00bb custom_padding_phone=\u00bb15%||15%||true|false\u00bb custom_padding_last_edited=\u00bbon|phone\u00bb animation_style=\u00bbfade\u00bb auto=\u00bbon\u00bb global_colors_info=\u00bb{}\u00bb][et_pb_slide heading=\u00bbDesde 1.992 tu Administrador de Confianza\u00bb button_text=\u00bbDespacho 24 Horas\u00bb use_bg_overlay=\u00bbon\u00bb bg_overlay_color=\u00bbrgba(55,67,79,0.41)\u00bb use_text_overlay=\u00bboff\u00bb _builder_version=\u00bb4.23.4&#8243; _module_preset=\u00bbdefault\u00bb background_image=\u00bbhttps:\/\/www.samaniegoadministraciones.com\/wp-content\/uploads\/2024\/01\/administracion-fincas-tenerife-jpg.webp\u00bb background_enable_image=\u00bbon\u00bb global_colors_info=\u00bb{}\u00bb sticky_transition=\u00bbon\u00bb][\/et_pb_slide][et_pb_slide heading=\u00bbM\u00e1s cerca de las personas\u00bb button_text=\u00bbContacto\u00bb use_bg_overlay=\u00bbon\u00bb bg_overlay_color=\u00bbrgba(55,67,79,0.41)\u00bb use_text_overlay=\u00bboff\u00bb _builder_version=\u00bb4.23.4&#8243; _module_preset=\u00bbdefault\u00bb background_image=\u00bbhttps:\/\/www.samaniegoadministraciones.com\/wp-content\/uploads\/2024\/01\/administracion-fincas-tenerife-1-jpg.webp\u00bb background_enable_image=\u00bbon\u00bb global_colors_info=\u00bb{}\u00bb sticky_transition=\u00bbon\u00bb][\/et_pb_slide][\/et_pb_fullwidth_slider][\/et_pb_section][et_pb_section fb_built=\u00bb1&#8243; specialty=\u00bbon\u00bb admin_label=\u00bbServices\u00bb _builder_version=\u00bb4.23.4&#8243; _module_preset=\u00bbdefault\u00bb background_color=\u00bb#37434f\u00bb use_background_color_gradient=\u00bbon\u00bb background_color_gradient_direction=\u00bb90deg\u00bb background_color_gradient_stops=\u00bb#37434f 48%|#f5f5f5 48%\u00bb animation_style=\u00bbfade\u00bb background_last_edited=\u00bbon|desktop\u00bb background_color_gradient_direction_tablet=\u00bb180deg\u00bb locked=\u00bboff\u00bb collapsed=\u00bbon\u00bb global_colors_info=\u00bb{}\u00bb][et_pb_column type=\u00bb1_3&#8243; _builder_version=\u00bb4.16&#8243; custom_padding=\u00bb|||\u00bb global_colors_info=\u00bb{}\u00bb custom_padding__hover=\u00bb|||\u00bb][et_pb_text _builder_version=\u00bb4.23.4&#8243; _module_preset=\u00bbe6504a1b-67eb-4b3d-b023-bcab277610b6&#8243; header_4_font=\u00bbUbuntu|700||on|||||\u00bb header_4_text_color=\u00bb#F1D02B\u00bb header_4_font_size=\u00bb14px\u00bb header_4_line_height=\u00bb1.5em\u00bb custom_margin=\u00bb||0px||false|false\u00bb global_colors_info=\u00bb{}\u00bb]<\/p>\n<h4>Servicios<\/h4>\n<p>[\/et_pb_text][et_pb_text _builder_version=\u00bb4.23.4&#8243; _module_preset=\u00bbb327cbe4-b1d5-4b66-ad37-40c8f2f061ba\u00bb header_2_font=\u00bb|600|||||||\u00bb header_2_text_color=\u00bb#FFFFFF\u00bb header_2_font_size=\u00bb35px\u00bb header_2_line_height=\u00bb1.35em\u00bb header_2_font_size_tablet=\u00bb32px\u00bb header_2_font_size_phone=\u00bb20px\u00bb header_2_font_size_last_edited=\u00bbon|desktop\u00bb global_colors_info=\u00bb{}\u00bb]<\/p>\n<h2>Samaniego Administraciones<\/h2>\n<p>[\/et_pb_text][et_pb_text _builder_version=\u00bb4.23.4&#8243; _module_preset=\u00bbdefault\u00bb text_font=\u00bb|300|||||||\u00bb background_layout=\u00bbdark\u00bb global_colors_info=\u00bb{}\u00bb]<\/p>\n<p>Desde 1.992 \u00a0dedicados a la Administracion de fincas, Comunidades de propietarios, Venta y alquiler de inmuebles, Tasaciones inmobiliarias en Santa cruz de Tenerife.<\/p>\n<p>[\/et_pb_text][\/et_pb_column][et_pb_column type=\u00bb2_3&#8243; specialty_columns=\u00bb2&#8243; _builder_version=\u00bb4.16&#8243; custom_padding=\u00bb|||\u00bb global_colors_info=\u00bb{}\u00bb custom_padding__hover=\u00bb|||\u00bb][et_pb_row_inner column_structure=\u00bb1_2,1_2&#8243; make_equal=\u00bbon\u00bb custom_padding_last_edited=\u00bbon|desktop\u00bb _builder_version=\u00bb4.23.4&#8243; _module_preset=\u00bbdefault\u00bb background_color=\u00bb#FFFFFF\u00bb custom_margin=\u00bb||0px||false|false\u00bb custom_padding=\u00bb|60px|24px|60px|false|true\u00bb custom_padding_tablet=\u00bb|30px|30px|30px|false|true\u00bb custom_padding_phone=\u00bb|20px|20px|20px|false|true\u00bb box_shadow_style=\u00bbpreset1&#8243; box_shadow_vertical=\u00bb22px\u00bb box_shadow_color=\u00bbrgba(0,0,0,0.1)\u00bb global_colors_info=\u00bb{}\u00bb][et_pb_column_inner type=\u00bb1_2&#8243; saved_specialty_column_type=\u00bb2_3&#8243; _builder_version=\u00bb4.23.4&#8243; _dynamic_attributes=\u00bblink_option_url\u00bb _module_preset=\u00bbdefault\u00bb link_option_url=\u00bb@ET-DC@eyJkeW5hbWljIjp0cnVlLCJjb250ZW50IjoicG9zdF9saW5rX3VybF9wYWdlIiwic2V0dGluZ3MiOnsicG9zdF9pZCI6IjE3MyJ9fQ==@\u00bb global_colors_info=\u00bb{}\u00bb][et_pb_icon font_icon=\u00bb&#xe0ef;||divi||400&#8243; icon_color=\u00bb#F1D02B\u00bb icon_width=\u00bb76px\u00bb _builder_version=\u00bb4.23.4&#8243; _module_preset=\u00bbdefault\u00bb global_colors_info=\u00bb{}\u00bb][\/et_pb_icon][et_pb_text _builder_version=\u00bb4.23.4&#8243; _module_preset=\u00bbf726c6b6-2fde-4699-9f43-6b2cebd4d1d9&#8243; header_5_font=\u00bbPlayfair Display|700|||||||\u00bb header_5_text_color=\u00bb#000000&#8243; header_5_font_size=\u00bb18px\u00bb header_5_line_height=\u00bb1.4em\u00bb custom_margin=\u00bb||0px||false|false\u00bb header_5_font_size_tablet=\u00bb16px\u00bb header_5_font_size_phone=\u00bb14px\u00bb header_5_font_size_last_edited=\u00bbon|desktop\u00bb locked=\u00bboff\u00bb global_colors_info=\u00bb{}\u00bb]<\/p>\n<h5>Comunidades de Propietarios<\/h5>\n<p>[\/et_pb_text][et_pb_text _builder_version=\u00bb4.23.4&#8243; _module_preset=\u00bb1f09816e-184e-4ce5-a4cf-b39c52c423ca\u00bb text_font=\u00bb|300|||||||\u00bb text_line_height=\u00bb1.8em\u00bb text_font_size_tablet=\u00bb15px\u00bb text_font_size_phone=\u00bb14px\u00bb text_font_size_last_edited=\u00bbon|phone\u00bb header_font_size_tablet=\u00bb55px\u00bb header_font_size_last_edited=\u00bboff|desktop\u00bb locked=\u00bboff\u00bb global_colors_info=\u00bb{}\u00bb]<\/p>\n<p><span>Trabajamos cada d\u00eda para hacer la vida de los propietarios y Presidentes un poco m\u00e1s f\u00e1cil.<br \/>Gesti\u00f3n 100% Transparente.<\/span><br \/><span>Atenci\u00f3n y trato personalizado.<\/span><br \/><span>Despacho 24 oficina virtual<\/span><\/p>\n<p>[\/et_pb_text][\/et_pb_column_inner][et_pb_column_inner type=\u00bb1_2&#8243; saved_specialty_column_type=\u00bb2_3&#8243; _builder_version=\u00bb4.23.4&#8243; _dynamic_attributes=\u00bblink_option_url\u00bb _module_preset=\u00bbdefault\u00bb link_option_url=\u00bb@ET-DC@eyJkeW5hbWljIjp0cnVlLCJjb250ZW50IjoicG9zdF9saW5rX3VybF9wYWdlIiwic2V0dGluZ3MiOnsicG9zdF9pZCI6IjE5OSJ9fQ==@\u00bb global_colors_info=\u00bb{}\u00bb][et_pb_icon font_icon=\u00bb&#xe065;||fa||900&#8243; icon_color=\u00bb#F1D02B\u00bb icon_width=\u00bb76px\u00bb _builder_version=\u00bb4.23.4&#8243; _module_preset=\u00bbdefault\u00bb locked=\u00bboff\u00bb global_colors_info=\u00bb{}\u00bb][\/et_pb_icon][et_pb_text _builder_version=\u00bb4.23.4&#8243; _module_preset=\u00bbf726c6b6-2fde-4699-9f43-6b2cebd4d1d9&#8243; header_5_font=\u00bbPlayfair Display|700|||||||\u00bb header_5_text_color=\u00bb#000000&#8243; header_5_font_size=\u00bb18px\u00bb header_5_line_height=\u00bb1.4em\u00bb custom_margin=\u00bb||0px||false|false\u00bb header_5_font_size_tablet=\u00bb16px\u00bb header_5_font_size_phone=\u00bb14px\u00bb header_5_font_size_last_edited=\u00bbon|desktop\u00bb locked=\u00bboff\u00bb global_colors_info=\u00bb{}\u00bb]<\/p>\n<h5>Agencia Inmobiliaria<\/h5>\n<p>[\/et_pb_text][et_pb_text _builder_version=\u00bb4.23.4&#8243; _module_preset=\u00bb1f09816e-184e-4ce5-a4cf-b39c52c423ca\u00bb text_font=\u00bb|300|||||||\u00bb text_line_height=\u00bb1.8em\u00bb custom_margin=\u00bb||-4px|||\u00bb text_font_size_tablet=\u00bb15px\u00bb text_font_size_phone=\u00bb14px\u00bb text_font_size_last_edited=\u00bbon|phone\u00bb locked=\u00bboff\u00bb global_colors_info=\u00bb{}\u00bb]<\/p>\n<ul>\n<li><span>Compra \u2013 Venta de inmuebles.<\/span><\/li>\n<li><span>Arrendamiento inmuebles. <\/span><\/li>\n<li><span>Viviendas, Chalets, Oficinas, Garajes, Solares, Naves Industriales.<\/span><\/li>\n<li><span>Contratos de arrendamiento.<\/span><\/li>\n<li><span>Administraci\u00f3n de Patrimonios.<\/span><\/li>\n<\/ul>\n<p>[\/et_pb_text][\/et_pb_column_inner][\/et_pb_row_inner][et_pb_row_inner column_structure=\u00bb1_2,1_2&#8243; make_equal=\u00bbon\u00bb custom_padding_last_edited=\u00bbon|desktop\u00bb _builder_version=\u00bb4.23.4&#8243; _module_preset=\u00bbdefault\u00bb background_color=\u00bb#FFFFFF\u00bb custom_margin=\u00bb||0px||false|false\u00bb custom_padding=\u00bb|60px|36px|60px|false|true\u00bb custom_padding_tablet=\u00bb|30px|30px|30px|false|true\u00bb custom_padding_phone=\u00bb|20px|20px|20px|false|true\u00bb box_shadow_style=\u00bbpreset1&#8243; box_shadow_vertical=\u00bb22px\u00bb box_shadow_color=\u00bbrgba(0,0,0,0.1)\u00bb global_colors_info=\u00bb{}\u00bb][et_pb_column_inner type=\u00bb1_2&#8243; saved_specialty_column_type=\u00bb2_3&#8243; _builder_version=\u00bb4.23.4&#8243; _dynamic_attributes=\u00bblink_option_url\u00bb _module_preset=\u00bbdefault\u00bb link_option_url=\u00bb@ET-DC@eyJkeW5hbWljIjp0cnVlLCJjb250ZW50IjoicG9zdF9saW5rX3VybF9wYWdlIiwic2V0dGluZ3MiOnsicG9zdF9pZCI6IjIwNCJ9fQ==@\u00bb global_colors_info=\u00bb{}\u00bb][et_pb_icon font_icon=\u00bb&#xf1ec;||fa||900&#8243; icon_color=\u00bb#F1D02B\u00bb icon_width=\u00bb76px\u00bb _builder_version=\u00bb4.23.4&#8243; _module_preset=\u00bbdefault\u00bb locked=\u00bboff\u00bb global_colors_info=\u00bb{}\u00bb][\/et_pb_icon][et_pb_text _builder_version=\u00bb4.23.4&#8243; _module_preset=\u00bbf726c6b6-2fde-4699-9f43-6b2cebd4d1d9&#8243; header_5_font=\u00bbPlayfair Display|700|||||||\u00bb header_5_text_color=\u00bb#000000&#8243; header_5_font_size=\u00bb18px\u00bb header_5_line_height=\u00bb1.4em\u00bb custom_margin=\u00bb||0px||false|false\u00bb header_5_font_size_tablet=\u00bb16px\u00bb header_5_font_size_phone=\u00bb14px\u00bb header_5_font_size_last_edited=\u00bbon|desktop\u00bb locked=\u00bboff\u00bb global_colors_info=\u00bb{}\u00bb]<\/p>\n<h5>Tasaciones Inmobiliarias<\/h5>\n<p>[\/et_pb_text][et_pb_text _builder_version=\u00bb4.23.4&#8243; _module_preset=\u00bb1f09816e-184e-4ce5-a4cf-b39c52c423ca\u00bb text_font=\u00bb|300|||||||\u00bb text_line_height=\u00bb1.8em\u00bb text_font_size_tablet=\u00bb15px\u00bb text_font_size_phone=\u00bb14px\u00bb text_font_size_last_edited=\u00bbon|phone\u00bb header_font_size_tablet=\u00bb55px\u00bb header_font_size_last_edited=\u00bboff|desktop\u00bb locked=\u00bboff\u00bb global_colors_info=\u00bb{}\u00bb]<\/p>\n<ul>\n<li><span>Tasaci\u00f3n de inmuebles<\/span><span>.<\/span><\/li>\n<li><span>Peritaciones judiciales de inmuebles.<\/span><\/li>\n<li><span>Visadas por Colegio Oficial Agentes de la Propiedad<\/span><\/li>\n<\/ul>\n<p>[\/et_pb_text][\/et_pb_column_inner][et_pb_column_inner type=\u00bb1_2&#8243; saved_specialty_column_type=\u00bb2_3&#8243; _builder_version=\u00bb4.18.0&#8243; _module_preset=\u00bbdefault\u00bb global_colors_info=\u00bb{}\u00bb][et_pb_image src=\u00bbhttps:\/\/www.samaniegoadministraciones.com\/wp-content\/uploads\/2024\/01\/administrador-fincas-tenerife.png\u00bb alt=\u00bbAdministrador de Fincas en Tenerife\u00bb title_text=\u00bbAdministrador de Fincas en Tenerife\u00bb _builder_version=\u00bb4.23.4&#8243; _module_preset=\u00bbdefault\u00bb custom_margin=\u00bb||3px|||\u00bb locked=\u00bboff\u00bb global_colors_info=\u00bb{}\u00bb][\/et_pb_image][et_pb_text _builder_version=\u00bb4.23.4&#8243; _module_preset=\u00bb1f09816e-184e-4ce5-a4cf-b39c52c423ca\u00bb text_font=\u00bb||||||||\u00bb text_font_size=\u00bb12px\u00bb text_line_height=\u00bb1.8em\u00bb text_orientation=\u00bbcenter\u00bb custom_margin=\u00bb||16px|||\u00bb text_font_size_tablet=\u00bb15px\u00bb text_font_size_phone=\u00bb14px\u00bb text_font_size_last_edited=\u00bbon|phone\u00bb header_font_size_tablet=\u00bb55px\u00bb header_font_size_last_edited=\u00bboff|desktop\u00bb locked=\u00bboff\u00bb global_colors_info=\u00bb{}\u00bb]<\/p>\n<p>Administrador de Fincas Colegiado n\u00ba 471<\/p>\n<p>[\/et_pb_text][et_pb_image src=\u00bbhttps:\/\/www.samaniegoadministraciones.com\/wp-content\/uploads\/2024\/01\/API.png\u00bb alt=\u00bbColegio Oficial de Agentes de la Propiedad Inmobiliaria de Santa Cruz de Tenerife\u00bb title_text=\u00bbColegio Oficial de Agentes de la Propiedad Inmobiliaria de Santa Cruz de Tenerife\u00bb align=\u00bbcenter\u00bb _builder_version=\u00bb4.23.4&#8243; _module_preset=\u00bbdefault\u00bb custom_margin=\u00bb||1px|||\u00bb locked=\u00bboff\u00bb global_colors_info=\u00bb{}\u00bb][\/et_pb_image][et_pb_text _builder_version=\u00bb4.23.4&#8243; _module_preset=\u00bb1f09816e-184e-4ce5-a4cf-b39c52c423ca\u00bb text_font=\u00bb||||||||\u00bb text_font_size=\u00bb12px\u00bb text_line_height=\u00bb1.8em\u00bb text_orientation=\u00bbcenter\u00bb text_font_size_tablet=\u00bb15px\u00bb text_font_size_phone=\u00bb14px\u00bb text_font_size_last_edited=\u00bbon|phone\u00bb header_font_size_tablet=\u00bb55px\u00bb header_font_size_last_edited=\u00bboff|desktop\u00bb locked=\u00bboff\u00bb global_colors_info=\u00bb{}\u00bb]<\/p>\n<p>Agente de la Propiedad Inmobiliaria Colegiado n\u00ba 199<\/p>\n<p>[\/et_pb_text][\/et_pb_column_inner][\/et_pb_row_inner][\/et_pb_column][\/et_pb_section][et_pb_section fb_built=\u00bb1&#8243; admin_label=\u00bbDLE Call To Action 54&#8243; _builder_version=\u00bb4.22.1&#8243; _module_preset=\u00bbdefault\u00bb background_color=\u00bb#f4f4f4&#8243; locked=\u00bboff\u00bb global_colors_info=\u00bb{}\u00bb][et_pb_row column_structure=\u00bb3_5,2_5&#8243; _builder_version=\u00bb4.23.4&#8243; _module_preset=\u00bbdefault\u00bb background_color=\u00bb#37434F\u00bb custom_padding=\u00bb60px|30px|60px|30px|true|true\u00bb animation_style=\u00bbbounce\u00bb custom_css_main_element=\u00bbdisplay: flex;||align-items: center;||flex-wrap: wrap;\u00bb border_radii=\u00bbon|30px|30px|30px|30px\u00bb box_shadow_style=\u00bbpreset1&#8243; global_colors_info=\u00bb{}\u00bb][et_pb_column type=\u00bb3_5&#8243; _builder_version=\u00bb4.16&#8243; _module_preset=\u00bbdefault\u00bb global_colors_info=\u00bb{}\u00bb][et_pb_text admin_label=\u00bbContact Us Today for FREE Consultations\u00bb _builder_version=\u00bb4.23.4&#8243; _module_preset=\u00bbdefault\u00bb text_font=\u00bb||||||||\u00bb text_font_size=\u00bb20px\u00bb header_2_font=\u00bb|600|||||||\u00bb header_2_font_size=\u00bb34px\u00bb header_2_line_height=\u00bb1.4em\u00bb background_layout=\u00bbdark\u00bb text_font_size_tablet=\u00bb16px\u00bb text_font_size_phone=\u00bb\u00bb text_font_size_last_edited=\u00bbon|phone\u00bb header_2_font_size_tablet=\u00bb36px\u00bb header_2_font_size_phone=\u00bb28px\u00bb header_2_font_size_last_edited=\u00bbon|phone\u00bb locked=\u00bboff\u00bb global_colors_info=\u00bb{}\u00bb]<\/p>\n<h2 class=\"\">Despacho 24 horas Tucomunidad.com<\/h2>\n<p>[\/et_pb_text][\/et_pb_column][et_pb_column type=\u00bb2_5&#8243; _builder_version=\u00bb4.16&#8243; _module_preset=\u00bbdefault\u00bb global_colors_info=\u00bb{}\u00bb][et_pb_button button_url=\u00bbhttps:\/\/www.tucomunidad.com\/#\/login\u00bb url_new_window=\u00bbon\u00bb button_text=\u00bbAcceso despacho 24 horas\u00bb button_alignment=\u00bbcenter\u00bb button_alignment_tablet=\u00bbleft\u00bb button_alignment_phone=\u00bbleft\u00bb button_alignment_last_edited=\u00bbon|tablet\u00bb admin_label=\u00bbCall Now\u00bb module_id=\u00bbbutton-20&#8243; _builder_version=\u00bb4.23.4&#8243; _module_preset=\u00bbdefault\u00bb custom_button=\u00bbon\u00bb button_text_size=\u00bb18px\u00bb button_text_color=\u00bb#FFFFFF\u00bb button_bg_color=\u00bb#F1D02B\u00bb button_border_width=\u00bb0px\u00bb button_border_radius=\u00bb50px\u00bb button_letter_spacing=\u00bb1px\u00bb button_font=\u00bb|600|||||||\u00bb button_use_icon=\u00bboff\u00bb background_layout=\u00bbdark\u00bb custom_margin=\u00bb||0px||false|false\u00bb custom_padding=\u00bb14px|40px|14px|40px|true|true\u00bb custom_padding_tablet=\u00bb14px|40px|14px|40px|true|true\u00bb custom_padding_phone=\u00bb12px|30px|12px|30px|true|true\u00bb custom_padding_last_edited=\u00bbon|phone\u00bb button_text_size_tablet=\u00bb16px\u00bb button_text_size_phone=\u00bb16px\u00bb button_text_size_last_edited=\u00bbon|tablet\u00bb button_letter_spacing_last_edited=\u00bboff|tablet\u00bb locked=\u00bboff\u00bb global_colors_info=\u00bb{}\u00bb button_bg_color__hover_enabled=\u00bbon|hover\u00bb button_bg_color__hover=\u00bb#37434F\u00bb button_border_radius__hover_enabled=\u00bbon|desktop\u00bb button_border_radius__hover=\u00bb50px\u00bb button_letter_spacing__hover_enabled=\u00bbon|desktop\u00bb button_letter_spacing__hover=\u00bb1px\u00bb button_bg_enable_color__hover=\u00bbon\u00bb button_text_color__hover_enabled=\u00bbon|hover\u00bb button_text_color__hover=\u00bb#ffffff\u00bb][\/et_pb_button][\/et_pb_column][\/et_pb_row][\/et_pb_section][et_pb_section fb_built=\u00bb1&#8243; admin_label=\u00bbAbout\u00bb _builder_version=\u00bb4.18.0&#8243; _module_preset=\u00bbdefault\u00bb custom_padding=\u00bb0px||0px||true|false\u00bb locked=\u00bboff\u00bb collapsed=\u00bboff\u00bb global_colors_info=\u00bb{}\u00bb][et_pb_row column_structure=\u00bb3_5,2_5&#8243; use_custom_gutter=\u00bbon\u00bb gutter_width=\u00bb1&#8243; make_equal=\u00bbon\u00bb _builder_version=\u00bb4.23.4&#8243; _module_preset=\u00bbdefault\u00bb width=\u00bb100%\u00bb max_width=\u00bb100%\u00bb custom_padding=\u00bb0px||0px||true|false\u00bb global_colors_info=\u00bb{}\u00bb][et_pb_column type=\u00bb3_5&#8243; _builder_version=\u00bb4.23.4&#8243; _module_preset=\u00bbdefault\u00bb custom_padding=\u00bb4%|5%|4%|5%|true|true\u00bb animation_style=\u00bbbounce\u00bb global_colors_info=\u00bb{}\u00bb][et_pb_text _builder_version=\u00bb4.23.4&#8243; _module_preset=\u00bbe6504a1b-67eb-4b3d-b023-bcab277610b6&#8243; header_4_font=\u00bbUbuntu|700||on|||||\u00bb header_4_text_color=\u00bb#F1D02B\u00bb header_4_font_size=\u00bb14px\u00bb header_4_line_height=\u00bb1.5em\u00bb custom_margin=\u00bb||0px||false|false\u00bb global_colors_info=\u00bb{}\u00bb]<\/p>\n<h4>Samaniego Administradores en Tenerife<\/h4>\n<p>[\/et_pb_text][et_pb_text _builder_version=\u00bb4.23.4&#8243; _module_preset=\u00bbb327cbe4-b1d5-4b66-ad37-40c8f2f061ba\u00bb header_2_font=\u00bbPlayfair Display|700|||||||\u00bb header_2_text_color=\u00bb#37434F\u00bb header_2_font_size=\u00bb45px\u00bb header_2_line_height=\u00bb1.35em\u00bb custom_margin=\u00bb||30px||false|false\u00bb header_2_font_size_tablet=\u00bb32px\u00bb header_2_font_size_phone=\u00bb20px\u00bb header_2_font_size_last_edited=\u00bbon|desktop\u00bb global_colors_info=\u00bb{}\u00bb]<\/p>\n<h2>Objetivos<\/h2>\n<p>[\/et_pb_text][et_pb_text _builder_version=\u00bb4.23.4&#8243; _module_preset=\u00bb1f09816e-184e-4ce5-a4cf-b39c52c423ca\u00bb text_font=\u00bb|300|||||||\u00bb text_line_height=\u00bb1.8em\u00bb custom_margin=\u00bb||30px||false|false\u00bb text_font_size_tablet=\u00bb15px\u00bb text_font_size_phone=\u00bb14px\u00bb text_font_size_last_edited=\u00bbon|phone\u00bb header_font_size_tablet=\u00bb55px\u00bb header_font_size_last_edited=\u00bboff|desktop\u00bb global_colors_info=\u00bb{}\u00bb]<\/p>\n<p>En <strong>Samaniego Administradores<\/strong> ofrecemos un Servicio de Calidad a todos nuestros clientes.<\/p>\n<p>La calidad del servicio de <strong>Samaniego Administradores<\/strong> lo fundamentamos en la orientaci\u00f3n de las actuaciones de todo nuestro personal hacia el cliente, para lo que nos exigimos las siguientes actitudes:<\/p>\n<ul>\n<li>Voluntad para trabajar como parte de un equipo.<\/li>\n<li>Capacidad para mantener una actitud abierta y de escucha para conocer y asesorar mejor.<\/li>\n<li>Transparencia en cuanto a condiciones econ\u00f3micas, honorarios, comisiones\u2026<\/li>\n<li>Implicaci\u00f3n para asumir como propios los problemas del cliente a fin de resolverlos.<\/li>\n<li>Creatividad, para encontrar soluciones y mejorar la calidad de nuestro servicio.<\/li>\n<li>Compromiso para transmitir fiabilidad y confianza mediante el cumplimiento de lo acordado con el cliente.<\/li>\n<\/ul>\n<p>[\/et_pb_text][et_pb_text _builder_version=\u00bb4.23.4&#8243; _module_preset=\u00bbdefault\u00bb custom_margin=\u00bb||29px|||\u00bb global_colors_info=\u00bb{}\u00bb]<\/p>\n<h3>Ofrecer un Servicio de Calidad a todos nuestros clientes.<\/h3>\n<p>[\/et_pb_text][et_pb_button button_text=\u00bbContactar\u00bb _builder_version=\u00bb4.23.4&#8243; _module_preset=\u00bb3117bc07-6a8a-4679-b3bb-b6ed74b48a2f\u00bb custom_button=\u00bbon\u00bb button_text_size=\u00bb14px\u00bb button_text_color=\u00bb#FFFFFF\u00bb button_bg_color=\u00bb#37434F\u00bb button_border_width=\u00bb0px\u00bb button_border_radius=\u00bb0px\u00bb button_font=\u00bbUbuntu|700||on|||||\u00bb custom_padding=\u00bb16px|24px|16px|24px|true|true\u00bb global_colors_info=\u00bb{}\u00bb button_text_color__hover_enabled=\u00bbon|hover\u00bb button_text_color__hover=\u00bb#37434F\u00bb button_bg_color__hover_enabled=\u00bbon|hover\u00bb button_bg_color__hover=\u00bb#F1D02B\u00bb button_bg_enable_color__hover=\u00bbon\u00bb][\/et_pb_button][\/et_pb_column][et_pb_column type=\u00bb2_5&#8243; _builder_version=\u00bb4.23.4&#8243; _module_preset=\u00bbdefault\u00bb background_image=\u00bbhttps:\/\/www.samaniegoadministraciones.com\/wp-content\/uploads\/2024\/01\/samaniedor-administradores-fincas-tenerife-jpg.webp\u00bb background_position=\u00bbtop_center\u00bb animation_style=\u00bbslide\u00bb animation_direction=\u00bbright\u00bb global_colors_info=\u00bb{}\u00bb][et_pb_divider show_divider=\u00bboff\u00bb _builder_version=\u00bb4.18.0&#8243; _module_preset=\u00bbdefault\u00bb height_tablet=\u00bb60vw\u00bb height_phone=\u00bb60vw\u00bb height_last_edited=\u00bbon|desktop\u00bb global_colors_info=\u00bb{}\u00bb][\/et_pb_divider][\/et_pb_column][\/et_pb_row][\/et_pb_section][et_pb_section fb_built=\u00bb1&#8243; admin_label=\u00bbNeighborhoods\u00bb _builder_version=\u00bb4.18.0&#8243; _module_preset=\u00bbdefault\u00bb custom_padding=\u00bb0px||0px||true|\u00bb global_colors_info=\u00bb{}\u00bb][et_pb_row column_structure=\u00bb1_3,1_3,1_3&#8243; use_custom_gutter=\u00bbon\u00bb gutter_width=\u00bb1&#8243; make_equal=\u00bbon\u00bb _builder_version=\u00bb4.23.4&#8243; _module_preset=\u00bbdefault\u00bb width=\u00bb100%\u00bb max_width=\u00bbnone\u00bb custom_padding=\u00bb0px||0px||true|false\u00bb animation_style=\u00bbfade\u00bb global_colors_info=\u00bb{}\u00bb][et_pb_column type=\u00bb1_3&#8243; _builder_version=\u00bb4.23.4&#8243; _module_preset=\u00bbdefault\u00bb use_background_color_gradient=\u00bbon\u00bb background_color_gradient_stops=\u00bbrgba(0,0,0,0.52) 0%|rgba(0,0,0,0.43) 100%\u00bb background_color_gradient_overlays_image=\u00bbon\u00bb background_image=\u00bbhttps:\/\/www.samaniegoadministraciones.com\/wp-content\/uploads\/2024\/01\/asesoria-fiscal-inmobiliaria-jpg.webp\u00bb custom_padding=\u00bb8%|4%|8%|4%|true|true\u00bb link_option_url=\u00bbhttps:\/\/www.samaniegoadministraciones.com\/samaniego-admininistrar-comunidad-propietarios-tenerife\/#financiero\u00bb global_colors_info=\u00bb{}\u00bb background__hover_enabled=\u00bbon|hover\u00bb background_color_gradient_stops__hover=\u00bbrgba(0,0,0,0.3) 0%|rgba(0,0,0,0.8) 100%\u00bb use_background_color_gradient__hover=\u00bbon\u00bb][et_pb_text _builder_version=\u00bb4.23.4&#8243; _module_preset=\u00bbaaa7c440-590a-4078-ae0c-0f3c699ac51c\u00bb header_font=\u00bb||||||||\u00bb header_3_font=\u00bbPlayfair Display|700|||||||\u00bb header_3_text_color=\u00bb#FFFFFF\u00bb header_3_font_size=\u00bb25px\u00bb header_3_line_height=\u00bb1.4em\u00bb text_orientation=\u00bbcenter\u00bb header_3_font_size_tablet=\u00bb20px\u00bb header_3_font_size_phone=\u00bb16px\u00bb header_3_font_size_last_edited=\u00bbon|phone\u00bb global_colors_info=\u00bb{}\u00bb]<\/p>\n<h3>Asesor\u00eda Fiscal Inmobiliaria<\/h3>\n<p>[\/et_pb_text][\/et_pb_column][et_pb_column type=\u00bb1_3&#8243; _builder_version=\u00bb4.23.4&#8243; _module_preset=\u00bbdefault\u00bb use_background_color_gradient=\u00bbon\u00bb background_color_gradient_stops=\u00bbrgba(0,0,0,0.49) 0%|rgba(0,0,0,0.57) 100%\u00bb background_color_gradient_overlays_image=\u00bbon\u00bb background_image=\u00bbhttps:\/\/www.samaniegoadministraciones.com\/wp-content\/uploads\/2024\/01\/administradores-fincas-tenerife-jpg.webp\u00bb custom_padding=\u00bb8%|4%|8%|4%|true|true\u00bb link_option_url=\u00bbhttps:\/\/www.samaniegoadministraciones.com\/samaniego-admininistrar-comunidad-propietarios-tenerife\/#Patrimonial\u00bb global_colors_info=\u00bb{}\u00bb background__hover_enabled=\u00bbon|hover\u00bb background_color_gradient_stops__hover=\u00bbrgba(0,0,0,0.3) 0%|rgba(0,0,0,0.8) 100%\u00bb use_background_color_gradient__hover=\u00bbon\u00bb][et_pb_text _builder_version=\u00bb4.23.4&#8243; _module_preset=\u00bbaaa7c440-590a-4078-ae0c-0f3c699ac51c\u00bb header_font=\u00bb||||||||\u00bb header_3_font=\u00bbPlayfair Display|700|||||||\u00bb header_3_text_color=\u00bb#FFFFFF\u00bb header_3_font_size=\u00bb25px\u00bb header_3_line_height=\u00bb1.4em\u00bb text_orientation=\u00bbcenter\u00bb header_3_font_size_tablet=\u00bb20px\u00bb header_3_font_size_phone=\u00bb16px\u00bb header_3_font_size_last_edited=\u00bbon|phone\u00bb locked=\u00bboff\u00bb global_colors_info=\u00bb{}\u00bb]<\/p>\n<h3>Administraci\u00f3n Patrimonial<\/h3>\n<p>[\/et_pb_text][\/et_pb_column][et_pb_column type=\u00bb1_3&#8243; _builder_version=\u00bb4.23.4&#8243; _dynamic_attributes=\u00bblink_option_url\u00bb _module_preset=\u00bbdefault\u00bb use_background_color_gradient=\u00bbon\u00bb background_color_gradient_stops=\u00bbrgba(0,0,0,0.57) 0%|rgba(0,0,0,0.51) 100%\u00bb background_color_gradient_overlays_image=\u00bbon\u00bb background_image=\u00bbhttps:\/\/www.samaniegoadministraciones.com\/wp-content\/uploads\/2024\/01\/contrato-inmobiliario-jpg.webp\u00bb custom_padding=\u00bb8%|4%|8%|4%|true|true\u00bb link_option_url=\u00bb@ET-DC@eyJkeW5hbWljIjp0cnVlLCJjb250ZW50IjoicG9zdF9saW5rX3VybF9wYWdlIiwic2V0dGluZ3MiOnsicG9zdF9pZCI6IjE5OSJ9fQ==@\u00bb global_colors_info=\u00bb{}\u00bb background__hover_enabled=\u00bbon|hover\u00bb background_color_gradient_stops__hover=\u00bbrgba(0,0,0,0.3) 0%|rgba(0,0,0,0.8) 100%\u00bb use_background_color_gradient__hover=\u00bbon\u00bb][et_pb_text _builder_version=\u00bb4.23.4&#8243; _module_preset=\u00bbaaa7c440-590a-4078-ae0c-0f3c699ac51c\u00bb header_font=\u00bb||||||||\u00bb header_3_font=\u00bbPlayfair Display|700|||||||\u00bb header_3_text_color=\u00bb#FFFFFF\u00bb header_3_font_size=\u00bb25px\u00bb header_3_line_height=\u00bb1.4em\u00bb text_orientation=\u00bbcenter\u00bb header_3_font_size_tablet=\u00bb20px\u00bb header_3_font_size_phone=\u00bb16px\u00bb header_3_font_size_last_edited=\u00bbon|phone\u00bb locked=\u00bboff\u00bb global_colors_info=\u00bb{}\u00bb]<\/p>\n<h3>Contratos inmobiliarios<\/h3>\n<p>[\/et_pb_text][\/et_pb_column][\/et_pb_row][\/et_pb_section][et_pb_section fb_built=\u00bb1&#8243; admin_label=\u00bbTestimonials\u00bb _builder_version=\u00bb4.23.4&#8243; _module_preset=\u00bbdefault\u00bb background_color=\u00bb#F5F5F5&#8243; custom_padding=\u00bb47px||40px|||\u00bb animation_style=\u00bbbounce\u00bb collapsed=\u00bbon\u00bb global_colors_info=\u00bb{}\u00bb][et_pb_row _builder_version=\u00bb4.18.0&#8243; _module_preset=\u00bbdefault\u00bb locked=\u00bboff\u00bb global_colors_info=\u00bb{}\u00bb][et_pb_column type=\u00bb4_4&#8243; _builder_version=\u00bb4.18.0&#8243; _module_preset=\u00bbdefault\u00bb global_colors_info=\u00bb{}\u00bb][et_pb_text _builder_version=\u00bb4.23.4&#8243; _module_preset=\u00bbb327cbe4-b1d5-4b66-ad37-40c8f2f061ba\u00bb header_2_font=\u00bb|700|||||||\u00bb header_2_text_color=\u00bb#37434F\u00bb header_2_font_size=\u00bb45px\u00bb header_2_line_height=\u00bb1.35em\u00bb text_orientation=\u00bbcenter\u00bb custom_margin=\u00bb||18px|||\u00bb header_2_font_size_tablet=\u00bb32px\u00bb header_2_font_size_phone=\u00bb20px\u00bb header_2_font_size_last_edited=\u00bbon|desktop\u00bb locked=\u00bboff\u00bb global_colors_info=\u00bb{}\u00bb]<\/p>\n<h2>Nuestro equipo<\/h2>\n<p>[\/et_pb_text][et_pb_text _builder_version=\u00bb4.23.4&#8243; _module_preset=\u00bbdefault\u00bb custom_margin=\u00bb||13px|||\u00bb global_colors_info=\u00bb{}\u00bb]<\/p>\n<p><span>Contamos con un equipo multidisciplinar de profesionales con una clara orientaci\u00f3n al cliente, en formaci\u00f3n cont\u00ednua, con el objetivo de ofrecer el mejor servicio.<\/span><\/p>\n<p>[\/et_pb_text][\/et_pb_column][\/et_pb_row][\/et_pb_section][et_pb_section fb_built=\u00bb1&#8243; admin_label=\u00bbDLE Team 29&#8243; _builder_version=\u00bb4.23.4&#8243; _module_preset=\u00bbdefault\u00bb animation_style=\u00bbfade\u00bb locked=\u00bboff\u00bb global_colors_info=\u00bb{}\u00bb][et_pb_row column_structure=\u00bb1_3,1_3,1_3&#8243; _builder_version=\u00bb4.23.4&#8243; _module_preset=\u00bbdefault\u00bb width=\u00bb100%\u00bb max_width=\u00bb90%\u00bb custom_padding=\u00bb||62px|||\u00bb global_colors_info=\u00bb{}\u00bb][et_pb_column type=\u00bb1_3&#8243; _builder_version=\u00bb4.19.1&#8243; _module_preset=\u00bbdefault\u00bb global_colors_info=\u00bb{}\u00bb][et_pb_code admin_label=\u00bbCustom CSS\u00bb _builder_version=\u00bb4.19.2&#8243; _module_preset=\u00bbdefault\u00bb custom_margin=\u00bb0px||0px||true|false\u00bb custom_padding=\u00bb0px||0px||true|false\u00bb locked=\u00bboff\u00bb global_colors_info=\u00bb{}\u00bb]<\/p>\n<style><!-- [et_pb_line_break_holder] -->  .dle-team-29 img {<!-- [et_pb_line_break_holder] -->\t\tborder-radius: 50%;<!-- [et_pb_line_break_holder] -->  }<!-- [et_pb_line_break_holder] --><\/style>\n<p><!-- [et_pb_line_break_holder] -->[\/et_pb_code][et_pb_team_member name=\u00bbJes\u00fas Mart\u00edn L\u00f3pez-Samaniego\u00bb position=\u00bbGerente\u00bb image_url=\u00bbhttps:\/\/www.samaniegoadministraciones.com\/wp-content\/uploads\/2024\/01\/samaniego-administradores-amarilla-jpg.webp\u00bb icon_color=\u00bb#FFFFFF\u00bb admin_label=\u00bbTeam Member\u00bb module_class=\u00bbdle-team-29&#8243; _builder_version=\u00bb4.23.4&#8243; _module_preset=\u00bbdefault\u00bb header_font_size=\u00bb20px\u00bb header_line_height=\u00bb1.3em\u00bb body_font=\u00bb|300|||||||\u00bb body_font_size=\u00bb14px\u00bb position_font=\u00bb|700|||||||\u00bb position_text_color=\u00bb#FFFFFF\u00bb position_font_size=\u00bb14px\u00bb background_color=\u00bb#37434F\u00bb text_orientation=\u00bbcenter\u00bb background_layout=\u00bbdark\u00bb min_height=\u00bb289.1px\u00bb overflow-x=\u00bbvisible\u00bb overflow-y=\u00bbvisible\u00bb custom_margin_tablet=\u00bb30px|||30px|false|false\u00bb custom_margin_phone=\u00bb0px|||0px|false|false\u00bb custom_margin_last_edited=\u00bboff|desktop\u00bb custom_padding=\u00bb29px|35px|29px|35px|true|true\u00bb header_font_size_tablet=\u00bb18px\u00bb header_font_size_phone=\u00bb18px\u00bb header_font_size_last_edited=\u00bbon|tablet\u00bb custom_css_member_image=\u00bbwidth: 70%;||max-width: 100%;||margin: auto;||margin-top: -150px;\u00bb custom_css_member_description=\u00bbpadding-top: 30px;\u00bb border_radii=\u00bboff||100px||100px\u00bb border_radii_image=\u00bbon|50%|50%|50%|50%\u00bb locked=\u00bboff\u00bb global_colors_info=\u00bb{}\u00bb icon_color__hover_enabled=\u00bboff|desktop\u00bb icon_color__hover=\u00bb#E02B20&#8243; custom_css_member_image_last_edited=\u00bbon|phone\u00bb custom_css_member_image_phone=\u00bbwidth: 100%;||margin-top: 0;\u00bb custom_css_member_description_last_edited=\u00bboff|desktop\u00bb custom_css_member_description_phone=\u00bbwidth: 100%;||padding: 20px;\u00bb custom_css_member_description_tablet=\u00bbwidth: 60%;||padding: 40px 40px 40px 10px;||display: block;||float: left;\u00bb custom_css_title_last_edited=\u00bboff|desktop\u00bb custom_css_member_image_tablet=\u00bbwidth: 70%;||max-width: 100%;||margin: auto;||margin-top: -150px;\u00bb]<\/p>\n<p><span>Administrador de Fincas Colegiado<\/span><br \/><span>Agente de la Propiedad Inmobiliaria\u00a0<\/span><br \/><span>Diplomado C. Empresariales<\/span><\/p>\n<p>[\/et_pb_team_member][\/et_pb_column][et_pb_column type=\u00bb1_3&#8243; _builder_version=\u00bb4.19.1&#8243; _module_preset=\u00bbdefault\u00bb global_colors_info=\u00bb{}\u00bb][et_pb_team_member name=\u00bbIsabel M\u00e1rquez de Castro\u00bb image_url=\u00bbhttps:\/\/www.samaniegoadministraciones.com\/wp-content\/uploads\/2024\/01\/samaniego-administradores-azul-jpg.webp\u00bb icon_color=\u00bb#0a0a0a\u00bb admin_label=\u00bbTeam Member\u00bb module_class=\u00bbdle-team-29&#8243; _builder_version=\u00bb4.23.4&#8243; _module_preset=\u00bbdefault\u00bb header_level=\u00bbh6&#8243; header_text_color=\u00bb#37434F\u00bb header_font_size=\u00bb20px\u00bb header_line_height=\u00bb1.3em\u00bb body_font=\u00bb|300|||||||\u00bb body_text_color=\u00bb#37434F\u00bb body_font_size=\u00bb14px\u00bb position_font=\u00bb|700|||||||\u00bb position_text_color=\u00bb#37434F\u00bb position_font_size=\u00bb14px\u00bb background_color=\u00bb#F1D02B\u00bb text_orientation=\u00bbcenter\u00bb overflow-x=\u00bbvisible\u00bb overflow-y=\u00bbvisible\u00bb custom_margin_tablet=\u00bb30px|||30px|false|false\u00bb custom_margin_phone=\u00bb0px|||0px|false|false\u00bb custom_margin_last_edited=\u00bboff|desktop\u00bb custom_padding=\u00bb49px|35px|49px|35px|true|true\u00bb header_font_size_tablet=\u00bb18px\u00bb header_font_size_phone=\u00bb18px\u00bb header_font_size_last_edited=\u00bbon|tablet\u00bb custom_css_member_image=\u00bbwidth: 70%;||max-width: 100%;||margin: auto;||margin-top: -150px;\u00bb custom_css_member_description=\u00bbpadding-top: 30px;\u00bb border_radii=\u00bboff||100px||100px\u00bb border_radii_image=\u00bbon|50%|50%|50%|50%\u00bb locked=\u00bboff\u00bb global_colors_info=\u00bb{}\u00bb icon_color__hover_enabled=\u00bboff|desktop\u00bb icon_color__hover=\u00bb#E02B20&#8243; custom_css_member_image_last_edited=\u00bbon|phone\u00bb custom_css_member_image_phone=\u00bbwidth: 100%;||margin-top: 0;\u00bb custom_css_member_description_last_edited=\u00bboff|desktop\u00bb custom_css_member_description_phone=\u00bbwidth: 100%;||padding: 20px;\u00bb custom_css_member_description_tablet=\u00bbwidth: 60%;||padding: 40px 40px 40px 10px;||display: block;||float: left;\u00bb custom_css_title_last_edited=\u00bboff|desktop\u00bb custom_css_member_image_tablet=\u00bbwidth: 70%;||max-width: 100%;||margin: auto;||margin-top: -150px;\u00bb]<\/p>\n<p><span>Gestora de Comunidades<br \/>Recursos Humanos.<\/span><br \/><span>Graduado Social.<\/span><\/p>\n<p>[\/et_pb_team_member][\/et_pb_column][et_pb_column type=\u00bb1_3&#8243; _builder_version=\u00bb4.19.1&#8243; _module_preset=\u00bbdefault\u00bb global_colors_info=\u00bb{}\u00bb][et_pb_team_member name=\u00bbElisabeth G\u00f3mez-Gald\u00f3n Vera\u00bb image_url=\u00bbhttps:\/\/www.samaniegoadministraciones.com\/wp-content\/uploads\/2024\/01\/samaniego-administradores-amarilla-jpg.webp\u00bb icon_color=\u00bb#FFFFFF\u00bb admin_label=\u00bbTeam Member\u00bb module_class=\u00bbdle-team-29&#8243; _builder_version=\u00bb4.23.4&#8243; _module_preset=\u00bbdefault\u00bb header_font_size=\u00bb20px\u00bb header_line_height=\u00bb1.3em\u00bb body_font=\u00bb|300|||||||\u00bb body_font_size=\u00bb14px\u00bb position_font=\u00bb|700|||||||\u00bb position_text_color=\u00bb#FFFFFF\u00bb position_font_size=\u00bb14px\u00bb background_color=\u00bb#37434F\u00bb text_orientation=\u00bbcenter\u00bb background_layout=\u00bbdark\u00bb overflow-x=\u00bbvisible\u00bb overflow-y=\u00bbvisible\u00bb custom_padding=\u00bb49px|35px|49px|35px|true|true\u00bb header_font_size_tablet=\u00bb18px\u00bb header_font_size_phone=\u00bb18px\u00bb header_font_size_last_edited=\u00bbon|tablet\u00bb custom_css_member_image=\u00bbwidth: 70%;||max-width: 100%;||margin: auto;||margin-top: -150px;\u00bb custom_css_member_description=\u00bbpadding-top: 30px;\u00bb border_radii=\u00bboff||100px||100px\u00bb border_radii_image=\u00bbon|50%|50%|50%|50%\u00bb locked=\u00bboff\u00bb global_colors_info=\u00bb{}\u00bb icon_color__hover_enabled=\u00bboff|desktop\u00bb icon_color__hover=\u00bb#E02B20&#8243; custom_css_member_image_last_edited=\u00bbon|phone\u00bb custom_css_member_image_phone=\u00bbwidth: 100%;||margin-top: 0;\u00bb custom_css_member_description_last_edited=\u00bboff|desktop\u00bb custom_css_member_description_phone=\u00bbwidth: 100%;||padding: 20px;\u00bb custom_css_member_description_tablet=\u00bbwidth: 60%;||padding: 40px 40px 40px 10px;||display: block;||float: left;\u00bb custom_css_title_last_edited=\u00bboff|desktop\u00bb custom_css_member_image_tablet=\u00bbwidth: 70%;||max-width: 100%;||margin: auto;||margin-top: -150px;\u00bb]<\/p>\n<p><span>Contabilidad.<\/span><br \/><span>Atenci\u00f3n al cliente.<\/span><br \/><span>Grado Superior Administraci\u00f3n y Finanzas.<\/span><\/p>\n<p>[\/et_pb_team_member][\/et_pb_column][\/et_pb_row][et_pb_row column_structure=\u00bb1_3,1_3,1_3&#8243; _builder_version=\u00bb4.23.4&#8243; _module_preset=\u00bbdefault\u00bb width=\u00bb100%\u00bb max_width=\u00bb90%\u00bb custom_padding=\u00bb79px|||||\u00bb global_colors_info=\u00bb{}\u00bb][et_pb_column type=\u00bb1_3&#8243; _builder_version=\u00bb4.19.1&#8243; _module_preset=\u00bbdefault\u00bb global_colors_info=\u00bb{}\u00bb][et_pb_team_member name=\u00bbLuisa Fajardo\u00bb image_url=\u00bbhttps:\/\/www.samaniegoadministraciones.com\/wp-content\/uploads\/2024\/01\/samaniego-administradores-azul-jpg.webp\u00bb icon_color=\u00bb#0a0a0a\u00bb admin_label=\u00bbTeam Member\u00bb module_class=\u00bbdle-team-29&#8243; _builder_version=\u00bb4.23.4&#8243; _module_preset=\u00bbdefault\u00bb header_level=\u00bbh6&#8243; header_text_color=\u00bb#37434F\u00bb header_font_size=\u00bb20px\u00bb header_line_height=\u00bb1.3em\u00bb body_font=\u00bb|300|||||||\u00bb body_text_color=\u00bb#37434F\u00bb body_font_size=\u00bb14px\u00bb position_font=\u00bb|700|||||||\u00bb position_text_color=\u00bb#37434F\u00bb position_font_size=\u00bb14px\u00bb background_color=\u00bb#F1D02B\u00bb text_orientation=\u00bbcenter\u00bb min_height=\u00bb252.8px\u00bb overflow-x=\u00bbvisible\u00bb overflow-y=\u00bbvisible\u00bb custom_padding=\u00bb49px|35px|49px|35px|true|true\u00bb header_font_size_tablet=\u00bb18px\u00bb header_font_size_phone=\u00bb18px\u00bb header_font_size_last_edited=\u00bbon|tablet\u00bb custom_css_member_image=\u00bbwidth: 70%;||max-width: 100%;||margin: auto;||margin-top: -150px;\u00bb custom_css_member_description=\u00bbpadding-top: 30px;\u00bb border_radii=\u00bboff||100px||100px\u00bb border_radii_image=\u00bbon|50%|50%|50%|50%\u00bb locked=\u00bboff\u00bb global_colors_info=\u00bb{}\u00bb icon_color__hover_enabled=\u00bboff|desktop\u00bb icon_color__hover=\u00bb#E02B20&#8243; custom_css_member_image_last_edited=\u00bbon|phone\u00bb custom_css_member_image_phone=\u00bbwidth: 100%;||margin-top: 0;\u00bb custom_css_member_description_last_edited=\u00bboff|desktop\u00bb custom_css_member_description_phone=\u00bbwidth: 100%;||padding: 20px;\u00bb custom_css_member_description_tablet=\u00bbwidth: 60%;||padding: 40px 40px 40px 10px;||display: block;||float: left;\u00bb custom_css_title_last_edited=\u00bboff|desktop\u00bb custom_css_member_image_tablet=\u00bbwidth: 70%;||max-width: 100%;||margin: auto;||margin-top: -150px;\u00bb]<\/p>\n<p>Gestora de Comunidades.<br \/>Siniestros Compa\u00f1\u00edas de Seguros<\/p>\n<p>[\/et_pb_team_member][\/et_pb_column][et_pb_column type=\u00bb1_3&#8243; _builder_version=\u00bb4.19.1&#8243; _module_preset=\u00bbdefault\u00bb global_colors_info=\u00bb{}\u00bb][et_pb_team_member name=\u00bbPablo Mart\u00edn\u00bb image_url=\u00bbhttps:\/\/www.samaniegoadministraciones.com\/wp-content\/uploads\/2024\/01\/samaniego-administradores-amarilla-jpg.webp\u00bb icon_color=\u00bb#FFFFFF\u00bb admin_label=\u00bbTeam Member\u00bb module_class=\u00bbdle-team-29&#8243; _builder_version=\u00bb4.23.4&#8243; _module_preset=\u00bbdefault\u00bb header_font_size=\u00bb20px\u00bb header_line_height=\u00bb1.3em\u00bb body_font=\u00bb|300|||||||\u00bb body_font_size=\u00bb14px\u00bb position_font=\u00bb|700|||||||\u00bb position_text_color=\u00bb#FFFFFF\u00bb position_font_size=\u00bb14px\u00bb background_color=\u00bb#37434F\u00bb text_orientation=\u00bbcenter\u00bb background_layout=\u00bbdark\u00bb overflow-x=\u00bbvisible\u00bb overflow-y=\u00bbvisible\u00bb custom_padding=\u00bb61px|35px|61px|35px|true|true\u00bb header_font_size_tablet=\u00bb18px\u00bb header_font_size_phone=\u00bb18px\u00bb header_font_size_last_edited=\u00bbon|tablet\u00bb custom_css_member_image=\u00bbwidth: 70%;||max-width: 100%;||margin: auto;||margin-top: -150px;\u00bb custom_css_member_description=\u00bbpadding-top: 30px;\u00bb border_radii=\u00bboff||100px||100px\u00bb border_radii_image=\u00bbon|50%|50%|50%|50%\u00bb locked=\u00bboff\u00bb global_colors_info=\u00bb{}\u00bb icon_color__hover_enabled=\u00bboff|desktop\u00bb icon_color__hover=\u00bb#E02B20&#8243; custom_css_member_image_last_edited=\u00bbon|phone\u00bb custom_css_member_image_phone=\u00bbwidth: 100%;||margin-top: 0;\u00bb custom_css_member_description_last_edited=\u00bboff|desktop\u00bb custom_css_member_description_phone=\u00bbwidth: 100%;||padding: 20px;\u00bb custom_css_member_description_tablet=\u00bbwidth: 60%;||padding: 40px 40px 40px 10px;||display: block;||float: left;\u00bb custom_css_title_last_edited=\u00bboff|desktop\u00bb custom_css_member_image_tablet=\u00bbwidth: 70%;||max-width: 100%;||margin: auto;||margin-top: -150px;\u00bb]<\/p>\n<p><span>Community Manager<\/span><\/p>\n<p>[\/et_pb_team_member][\/et_pb_column][et_pb_column type=\u00bb1_3&#8243; _builder_version=\u00bb4.19.1&#8243; _module_preset=\u00bbdefault\u00bb global_colors_info=\u00bb{}\u00bb][et_pb_team_member name=\u00bbGerardo Campos\u00bb image_url=\u00bbhttps:\/\/www.samaniegoadministraciones.com\/wp-content\/uploads\/2024\/01\/samaniego-administradores-azul-jpg.webp\u00bb icon_color=\u00bb#0a0a0a\u00bb admin_label=\u00bbTeam Member\u00bb module_class=\u00bbdle-team-29&#8243; _builder_version=\u00bb4.23.4&#8243; _module_preset=\u00bbdefault\u00bb header_level=\u00bbh6&#8243; header_text_color=\u00bb#37434F\u00bb header_font_size=\u00bb20px\u00bb header_line_height=\u00bb1.3em\u00bb body_font=\u00bb|300|||||||\u00bb body_text_color=\u00bb#37434F\u00bb body_font_size=\u00bb14px\u00bb position_font=\u00bb|700|||||||\u00bb position_text_color=\u00bb#37434F\u00bb position_font_size=\u00bb14px\u00bb background_color=\u00bb#F1D02B\u00bb text_orientation=\u00bbcenter\u00bb min_height=\u00bb252.8px\u00bb overflow-x=\u00bbvisible\u00bb overflow-y=\u00bbvisible\u00bb custom_padding=\u00bb54px|35px|54px|35px|true|true\u00bb header_font_size_tablet=\u00bb18px\u00bb header_font_size_phone=\u00bb18px\u00bb header_font_size_last_edited=\u00bbon|tablet\u00bb custom_css_member_image=\u00bbwidth: 70%;||max-width: 100%;||margin: auto;||margin-top: -150px;\u00bb custom_css_member_description=\u00bbpadding-top: 30px;\u00bb border_radii=\u00bboff||100px||100px\u00bb border_radii_image=\u00bbon|50%|50%|50%|50%\u00bb locked=\u00bboff\u00bb global_colors_info=\u00bb{}\u00bb icon_color__hover_enabled=\u00bboff|desktop\u00bb icon_color__hover=\u00bb#E02B20&#8243; custom_css_member_image_last_edited=\u00bbon|phone\u00bb custom_css_member_image_phone=\u00bbwidth: 100%;||margin-top: 0;\u00bb custom_css_member_description_last_edited=\u00bboff|desktop\u00bb custom_css_member_description_phone=\u00bbwidth: 100%;||padding: 20px;\u00bb custom_css_member_description_tablet=\u00bbwidth: 60%;||padding: 40px 40px 40px 10px;||display: block;||float: left;\u00bb custom_css_title_last_edited=\u00bboff|desktop\u00bb custom_css_member_image_tablet=\u00bbwidth: 70%;||max-width: 100%;||margin: auto;||margin-top: -150px;\u00bb]<\/p>\n<p>Supervisor de mantenimiento<\/p>\n<p>[\/et_pb_team_member][\/et_pb_column][\/et_pb_row][\/et_pb_section]<\/p>\n","protected":false},"excerpt":{"rendered":"<p>ServiciosSamaniego AdministracionesDesde 1.992 \u00a0dedicados a la Administracion de fincas, Comunidades de propietarios, Venta y alquiler de inmuebles, Tasaciones inmobiliarias en Santa cruz de Tenerife.Comunidades de PropietariosTrabajamos cada d\u00eda para hacer la vida de los propietarios y Presidentes un poco m\u00e1s f\u00e1cil.Gesti\u00f3n 100% Transparente.Atenci\u00f3n y trato personalizado.Despacho 24 oficina virtualAgencia Inmobiliaria Compra \u2013 Venta de inmuebles. [&hellip;]<\/p>\n","protected":false},"author":1,"featured_media":0,"parent":0,"menu_order":0,"comment_status":"closed","ping_status":"closed","template":"","meta":{"_et_pb_use_builder":"on","_et_pb_old_content":"","_et_gb_content_width":"","footnotes":""},"class_list":["post-26","page","type-page","status-publish","hentry"],"yoast_head":"<!-- This site is optimized with the Yoast SEO plugin v27.3 - https:\/\/yoast.com\/product\/yoast-seo-wordpress\/ -->\n<title>Inicio - Samaniego Administradores de Fincas<\/title>\n<meta name=\"description\" content=\"Samaniego Administraciones | Administraci\u00f3n de fincas comunidades de propietarios, inmobiliaria tasaciones en Tenerife. Oficina virtual. Venta y alquiler de pisos en Tenerife\" \/>\n<meta name=\"robots\" content=\"index, follow, max-snippet:-1, max-image-preview:large, max-video-preview:-1\" \/>\n<link rel=\"canonical\" href=\"https:\/\/www.samaniegoadministraciones.com\/en\/\" \/>\n<meta property=\"og:locale\" content=\"en_GB\" \/>\n<meta property=\"og:type\" content=\"article\" \/>\n<meta property=\"og:title\" content=\"Inicio - Samaniego Administradores de Fincas\" \/>\n<meta property=\"og:description\" content=\"Samaniego Administraciones | Administraci\u00f3n de fincas comunidades de propietarios, inmobiliaria tasaciones en Tenerife. Oficina virtual. Venta y alquiler de pisos en Tenerife\" \/>\n<meta property=\"og:url\" content=\"https:\/\/www.samaniegoadministraciones.com\/en\/\" \/>\n<meta property=\"og:site_name\" content=\"Samaniego Administradores de Fincas\" \/>\n<meta property=\"article:publisher\" content=\"https:\/\/www.facebook.com\/samaniegoadministraciones\/\" \/>\n<meta property=\"article:modified_time\" content=\"2025-12-27T09:45:32+00:00\" \/>\n<meta name=\"twitter:card\" content=\"summary_large_image\" \/>\n<meta name=\"twitter:site\" content=\"@samaniego153178\" \/>\n<meta name=\"twitter:label1\" content=\"Estimated reading time\" \/>\n\t<meta name=\"twitter:data1\" content=\"4 minutes\" \/>\n<script type=\"application\/ld+json\" class=\"yoast-schema-graph\">{\"@context\":\"https:\\\/\\\/schema.org\",\"@graph\":[{\"@type\":\"WebPage\",\"@id\":\"https:\\\/\\\/www.samaniegoadministraciones.com\\\/\",\"url\":\"https:\\\/\\\/www.samaniegoadministraciones.com\\\/\",\"name\":\"Inicio - Samaniego Administradores de Fincas\",\"isPartOf\":{\"@id\":\"https:\\\/\\\/www.samaniegoadministraciones.com\\\/#website\"},\"datePublished\":\"2024-01-11T09:22:11+00:00\",\"dateModified\":\"2025-12-27T09:45:32+00:00\",\"description\":\"Samaniego Administraciones | Administraci\u00f3n de fincas comunidades de propietarios, inmobiliaria tasaciones en Tenerife. Oficina virtual. Venta y alquiler de pisos en Tenerife\",\"inLanguage\":\"en-GB\",\"potentialAction\":[{\"@type\":\"ReadAction\",\"target\":[\"https:\\\/\\\/www.samaniegoadministraciones.com\\\/\"]}]},{\"@type\":\"WebSite\",\"@id\":\"https:\\\/\\\/www.samaniegoadministraciones.com\\\/#website\",\"url\":\"https:\\\/\\\/www.samaniegoadministraciones.com\\\/\",\"name\":\"Samaniego, Adminitradores de Fincas\",\"description\":\"Samaniego Administradores\",\"publisher\":{\"@id\":\"https:\\\/\\\/www.samaniegoadministraciones.com\\\/#organization\"},\"alternateName\":\"Samaniego Administraciones\",\"potentialAction\":[{\"@type\":\"SearchAction\",\"target\":{\"@type\":\"EntryPoint\",\"urlTemplate\":\"https:\\\/\\\/www.samaniegoadministraciones.com\\\/?s={search_term_string}\"},\"query-input\":{\"@type\":\"PropertyValueSpecification\",\"valueRequired\":true,\"valueName\":\"search_term_string\"}}],\"inLanguage\":\"en-GB\"},{\"@type\":\"Organization\",\"@id\":\"https:\\\/\\\/www.samaniegoadministraciones.com\\\/#organization\",\"name\":\"Samaniego, Adminitradores de Fincas\",\"alternateName\":\"Samaniego Administraciones\",\"url\":\"https:\\\/\\\/www.samaniegoadministraciones.com\\\/\",\"logo\":{\"@type\":\"ImageObject\",\"inLanguage\":\"en-GB\",\"@id\":\"https:\\\/\\\/www.samaniegoadministraciones.com\\\/#\\\/schema\\\/logo\\\/image\\\/\",\"url\":\"https:\\\/\\\/www.samaniegoadministraciones.com\\\/wp-content\\\/uploads\\\/2024\\\/01\\\/samaniego-administradores-azul-jpg.webp\",\"contentUrl\":\"https:\\\/\\\/www.samaniegoadministraciones.com\\\/wp-content\\\/uploads\\\/2024\\\/01\\\/samaniego-administradores-azul-jpg.webp\",\"width\":200,\"height\":200,\"caption\":\"Samaniego, Adminitradores de Fincas\"},\"image\":{\"@id\":\"https:\\\/\\\/www.samaniegoadministraciones.com\\\/#\\\/schema\\\/logo\\\/image\\\/\"},\"sameAs\":[\"https:\\\/\\\/www.facebook.com\\\/samaniegoadministraciones\\\/\",\"https:\\\/\\\/x.com\\\/samaniego153178\",\"https:\\\/\\\/www.linkedin.com\\\/company\\\/samaniego-administraciones-sl?trk=company_logo\",\"https:\\\/\\\/www.instagram.com\\\/samaniego.administradores\\\/\"]}]}<\/script>\n<!-- \/ Yoast SEO plugin. -->","yoast_head_json":{"title":"Inicio - Samaniego Administradores de Fincas","description":"Samaniego Administraciones | Administraci\u00f3n de fincas comunidades de propietarios, inmobiliaria tasaciones en Tenerife. Oficina virtual. Venta y alquiler de pisos en Tenerife","robots":{"index":"index","follow":"follow","max-snippet":"max-snippet:-1","max-image-preview":"max-image-preview:large","max-video-preview":"max-video-preview:-1"},"canonical":"https:\/\/www.samaniegoadministraciones.com\/en\/","og_locale":"en_GB","og_type":"article","og_title":"Inicio - Samaniego Administradores de Fincas","og_description":"Samaniego Administraciones | Administraci\u00f3n de fincas comunidades de propietarios, inmobiliaria tasaciones en Tenerife. Oficina virtual. Venta y alquiler de pisos en Tenerife","og_url":"https:\/\/www.samaniegoadministraciones.com\/en\/","og_site_name":"Samaniego Administradores de Fincas","article_publisher":"https:\/\/www.facebook.com\/samaniegoadministraciones\/","article_modified_time":"2025-12-27T09:45:32+00:00","twitter_card":"summary_large_image","twitter_site":"@samaniego153178","twitter_misc":{"Estimated reading time":"4 minutes"},"schema":{"@context":"https:\/\/schema.org","@graph":[{"@type":"WebPage","@id":"https:\/\/www.samaniegoadministraciones.com\/","url":"https:\/\/www.samaniegoadministraciones.com\/","name":"Inicio - Samaniego Administradores de Fincas","isPartOf":{"@id":"https:\/\/www.samaniegoadministraciones.com\/#website"},"datePublished":"2024-01-11T09:22:11+00:00","dateModified":"2025-12-27T09:45:32+00:00","description":"Samaniego Administraciones | Administraci\u00f3n de fincas comunidades de propietarios, inmobiliaria tasaciones en Tenerife. Oficina virtual. Venta y alquiler de pisos en Tenerife","inLanguage":"en-GB","potentialAction":[{"@type":"ReadAction","target":["https:\/\/www.samaniegoadministraciones.com\/"]}]},{"@type":"WebSite","@id":"https:\/\/www.samaniegoadministraciones.com\/#website","url":"https:\/\/www.samaniegoadministraciones.com\/","name":"Samaniego, Adminitradores de Fincas","description":"Samaniego Administradores","publisher":{"@id":"https:\/\/www.samaniegoadministraciones.com\/#organization"},"alternateName":"Samaniego Administraciones","potentialAction":[{"@type":"SearchAction","target":{"@type":"EntryPoint","urlTemplate":"https:\/\/www.samaniegoadministraciones.com\/?s={search_term_string}"},"query-input":{"@type":"PropertyValueSpecification","valueRequired":true,"valueName":"search_term_string"}}],"inLanguage":"en-GB"},{"@type":"Organization","@id":"https:\/\/www.samaniegoadministraciones.com\/#organization","name":"Samaniego, Adminitradores de Fincas","alternateName":"Samaniego Administraciones","url":"https:\/\/www.samaniegoadministraciones.com\/","logo":{"@type":"ImageObject","inLanguage":"en-GB","@id":"https:\/\/www.samaniegoadministraciones.com\/#\/schema\/logo\/image\/","url":"https:\/\/www.samaniegoadministraciones.com\/wp-content\/uploads\/2024\/01\/samaniego-administradores-azul-jpg.webp","contentUrl":"https:\/\/www.samaniegoadministraciones.com\/wp-content\/uploads\/2024\/01\/samaniego-administradores-azul-jpg.webp","width":200,"height":200,"caption":"Samaniego, Adminitradores de Fincas"},"image":{"@id":"https:\/\/www.samaniegoadministraciones.com\/#\/schema\/logo\/image\/"},"sameAs":["https:\/\/www.facebook.com\/samaniegoadministraciones\/","https:\/\/x.com\/samaniego153178","https:\/\/www.linkedin.com\/company\/samaniego-administraciones-sl?trk=company_logo","https:\/\/www.instagram.com\/samaniego.administradores\/"]}]}},"_links":{"self":[{"href":"https:\/\/www.samaniegoadministraciones.com\/en\/wp-json\/wp\/v2\/pages\/26","targetHints":{"allow":["GET"]}}],"collection":[{"href":"https:\/\/www.samaniegoadministraciones.com\/en\/wp-json\/wp\/v2\/pages"}],"about":[{"href":"https:\/\/www.samaniegoadministraciones.com\/en\/wp-json\/wp\/v2\/types\/page"}],"author":[{"embeddable":true,"href":"https:\/\/www.samaniegoadministraciones.com\/en\/wp-json\/wp\/v2\/users\/1"}],"replies":[{"embeddable":true,"href":"https:\/\/www.samaniegoadministraciones.com\/en\/wp-json\/wp\/v2\/comments?post=26"}],"version-history":[{"count":58,"href":"https:\/\/www.samaniegoadministraciones.com\/en\/wp-json\/wp\/v2\/pages\/26\/revisions"}],"predecessor-version":[{"id":392,"href":"https:\/\/www.samaniegoadministraciones.com\/en\/wp-json\/wp\/v2\/pages\/26\/revisions\/392"}],"wp:attachment":[{"href":"https:\/\/www.samaniegoadministraciones.com\/en\/wp-json\/wp\/v2\/media?parent=26"}],"curies":[{"name":"wp","href":"https:\/\/api.w.org\/{rel}","templated":true}]}}